{"id":1569,"date":"2025-06-09T10:56:24","date_gmt":"2025-06-09T08:56:24","guid":{"rendered":"https:\/\/ampega.org\/?page_id=1569"},"modified":"2026-02-05T11:09:55","modified_gmt":"2026-02-05T10:09:55","slug":"mapi-baez","status":"publish","type":"page","link":"https:\/\/ampega.org\/gl\/mapi-baez\/","title":{"rendered":"Mapi B\u00e1ez"},"content":{"rendered":"<div data-elementor-type=\"wp-page\" data-elementor-id=\"1569\" class=\"elementor elementor-1569\" data-elementor-post-type=\"page\">\n\t\t\t\t<div class=\"elementor-element elementor-element-bd21fed e-flex e-con-boxed e-con e-parent\" data-id=\"bd21fed\" data-element_type=\"container\">\n\t\t\t\t\t<div class=\"e-con-inner\">\n\t\t\t\t<div class=\"elementor-element elementor-element-041d429 elementor-widget-divider--view-line elementor-widget elementor-widget-divider\" data-id=\"041d429\" data-element_type=\"widget\" data-widget_type=\"divider.default\">\n\t\t\t\t<div class=\"elementor-widget-container\">\n\t\t\t\t\t<div class=\"elementor-divider\">\n\t\t\t<span class=\"elementor-divider-separator\">\n\t\t\t\t\t\t<\/span>\n\t\t<\/div>\n\t\t\t\t<\/div>\n\t\t\t\t<\/div>\n\t\t\t\t<div class=\"elementor-element elementor-element-9ad99fc elementor-widget elementor-widget-heading\" data-id=\"9ad99fc\" data-element_type=\"widget\" data-widget_type=\"heading.default\">\n\t\t\t\t<div class=\"elementor-widget-container\">\n\t\t\t<h2 class=\"elementor-heading-title elementor-size-default\">Conoce a Mapi B\u00e1ez<\/h2>\t\t<\/div>\n\t\t\t\t<\/div>\n\t\t\t\t<div class=\"elementor-element elementor-element-b6c6112 elementor-widget-divider--view-line elementor-widget elementor-widget-divider\" data-id=\"b6c6112\" data-element_type=\"widget\" data-widget_type=\"divider.default\">\n\t\t\t\t<div class=\"elementor-widget-container\">\n\t\t\t\t\t<div class=\"elementor-divider\">\n\t\t\t<span class=\"elementor-divider-separator\">\n\t\t\t\t\t\t<\/span>\n\t\t<\/div>\n\t\t\t\t<\/div>\n\t\t\t\t<\/div>\n\t\t\t\t<div class=\"elementor-element elementor-element-02d0fe5 elementor-widget elementor-widget-text-editor\" data-id=\"02d0fe5\" data-element_type=\"widget\" data-widget_type=\"text-editor.default\">\n\t\t\t\t<div class=\"elementor-widget-container\">\n\t\t\t\t\t\t\t<p><strong>Mapi B\u00e1ez<\/strong> es Social Media Strategist, Community Manager y mentora digital. Con un enfoque realista, estrat\u00e9gico y muy humano, ayuda a profesionales y peque\u00f1as empresas a sacarle el m\u00e1ximo partido a sus redes sociales. Dise\u00f1a planes personalizados que combinan creatividad, an\u00e1lisis y sentido com\u00fan, siempre con un objetivo en mente: atraer al cliente adecuado generando confianza. Experta en Facebook, Instagram, LinkedIn (y hasta Pinterest), Mapi tambi\u00e9n ofrece formaci\u00f3n a medida y asesoramiento continuo para que tu presencia digital no pase desapercibida. Si buscas una estrategia con personalidad y resultados, <strong>Mapi B\u00e1ez, y punto.<\/strong><\/p>\t\t\t\t\t\t<\/div>\n\t\t\t\t<\/div>\n\t\t\t\t<div class=\"elementor-element elementor-element-89c8f47 elementor-widget elementor-widget-image\" data-id=\"89c8f47\" data-element_type=\"widget\" data-widget_type=\"image.default\">\n\t\t\t\t<div class=\"elementor-widget-container\">\n\t\t\t\t\t\t\t\t\t\t\t\t\t<img fetchpriority=\"high\" decoding=\"async\" width=\"800\" height=\"1000\" src=\"https:\/\/ampega.org\/wp-content\/uploads\/2025\/05\/WhatsApp-Image-2025-04-30-at-15.50.13-1-819x1024.jpeg\" class=\"attachment-large size-large wp-image-1253\" alt=\"\" srcset=\"https:\/\/ampega.org\/wp-content\/uploads\/2025\/05\/WhatsApp-Image-2025-04-30-at-15.50.13-1-819x1024.jpeg 819w, https:\/\/ampega.org\/wp-content\/uploads\/2025\/05\/WhatsApp-Image-2025-04-30-at-15.50.13-1-240x300.jpeg 240w, https:\/\/ampega.org\/wp-content\/uploads\/2025\/05\/WhatsApp-Image-2025-04-30-at-15.50.13-1-768x960.jpeg 768w, https:\/\/ampega.org\/wp-content\/uploads\/2025\/05\/WhatsApp-Image-2025-04-30-at-15.50.13-1-10x12.jpeg 10w, https:\/\/ampega.org\/wp-content\/uploads\/2025\/05\/WhatsApp-Image-2025-04-30-at-15.50.13-1-600x750.jpeg 600w, https:\/\/ampega.org\/wp-content\/uploads\/2025\/05\/WhatsApp-Image-2025-04-30-at-15.50.13-1.jpeg 1080w\" sizes=\"(max-width: 800px) 100vw, 800px\" \/>\t\t\t\t\t\t\t\t\t\t\t\t\t<\/div>\n\t\t\t\t<\/div>\n\t\t\t\t<div class=\"elementor-element elementor-element-a632357 elementor-widget elementor-widget-text-editor\" data-id=\"a632357\" data-element_type=\"widget\" data-widget_type=\"text-editor.default\">\n\t\t\t\t<div class=\"elementor-widget-container\">\n\t\t\t\t\t\t\t<p>\u00abComunicar como todos es hacerte invisible\u00bb<\/p>\t\t\t\t\t\t<\/div>\n\t\t\t\t<\/div>\n\t\t\t\t<div class=\"elementor-element elementor-element-aa725ab elementor-widget elementor-widget-text-editor\" data-id=\"aa725ab\" data-element_type=\"widget\" data-widget_type=\"text-editor.default\">\n\t\t\t\t<div class=\"elementor-widget-container\">\n\t\t\t\t\t\t\t<p><strong>Mapi, cu\u00e9ntanos un poco sobre ti. \u00bfC\u00f3mo te describir\u00edas profesionalmente y tambi\u00e9n en lo personal?<\/strong><\/p><p>Me dedico a \u201cestrategiar\u201d en lo digital y gestionar contenidos. Sin embargo, lo que realmente me define es mi capacidad de observar, entender y traducir lo complejo en acciones claras que conectan con las personas. Me gusta trabajar con personas que quieren hacer las cosas bien, con cabeza y con alma. Ayudo a que la comunicaci\u00f3n digital tenga sentido, coherencia y resultados. No sigo tendencias porque s\u00ed: pienso antes de publicar, y publico para generar impacto.<\/p><p>En lo personal soy intensa, divertida, muy organizada y bastante friki del contenido.<\/p><p>Creo que el trabajo tiene que estar alineado con los valores de una, y por eso mis proyectos siempre llevan una parte de m\u00ed: compromiso, claridad y mucha honestidad.<\/p><p><strong>\u00bfC\u00f3mo fueron tus primeros pasos en el mundo digital y del marketing?<\/strong><\/p><p>Los primeros pasos los di m\u00e1s en el \u00e1mbito del Social Selling, pues yo era la \u00fanica que ten\u00eda abierto Facebook en el trabajo para usar el Messenger y conseguir docentes para mis cursos de formaci\u00f3n de Fundaci\u00f3n Tripartita a trav\u00e9s de los contactos de mis amistades en esa red. Me hizo muy eficiente pero tambi\u00e9n despert\u00e9 el escepticismo de mi director (al final nos lo caparon y migr\u00e9 hacia Linkedin)<\/p><p><strong>\u00bfQu\u00e9 te atrajo inicialmente de este sector?<\/strong><\/p><p>El bueno rollo que hab\u00eda en las redes sociales. Gente tratando de ayudar con las dudas en cualquier tema, poniendo en contacto con otras personas que pudieran ayudarte\u2026 Era otro rollo. Re\u00edamos y trabaj\u00e1bamos online pero siempre llegaba el momento de ponerle cara a la gente tomando unas ca\u00f1as.<\/p><p><strong>\u00bfHubo alg\u00fan momento clave o punto de inflexi\u00f3n en tu carrera que marcara el rumbo hacia lo que haces hoy? <\/strong><\/p><p>S\u00ed. Para empezar, por mucho que me esforc\u00e9, nunca consegu\u00ed entrar en ning\u00fan departamento de marketing. Luego, al volver de una baja por riesgo de aborto (que fue lo que ocurri\u00f3) me despidieron por no superar el periodo de prueba (cuando a\u00fan eran de un a\u00f1o). Llegados a ese punto pens\u00e9 que si nadie apostaba por mi, lo har\u00eda yo. Spoiler: funcion\u00f3.<\/p><p><strong>Has dicho que \u201cuna cosa es subir fotos y otra es crear una estrategia que conecte\u201d. \u00bfQu\u00e9 significa para ti trabajar una estrategia de redes sociales con prop\u00f3sito?<\/strong><\/p><p>Todos tenemos algo que nos diferencia y nos conecta al mismo tiempo. Cuando te rodeas de esas personas (clientes internos y externos), tu trabajo se vuelve motivador. Para m\u00ed, trabajar las redes con prop\u00f3sito significa atraer, convencer y conectar con ese tipo de personas. Para ello, todos esos consejos que puedes ver en redes sociales pueden ser un punto de partida. Sin embargo, apara ir m\u00e1s all\u00e1 y no diluirte entre el oc\u00e9ano de personas que hacen lo mismo que t\u00fa, debes \u201cestrategiar\u201d de forma diferente. Eso es lo que a mi me gusta hacer.<\/p><p><strong>Llevas a\u00f1os ayudando a negocios a conectar con su audiencia, pero \u00bfc\u00f3mo fue el proceso de emprender tu propio camino? \u00bfQu\u00e9 ha sido lo m\u00e1s desafiante\u2026 y lo m\u00e1s gratificante?<\/strong><\/p><p>Fue duro. Una cosa es lo que te ense\u00f1aban en las escuelas de negocios a principios de 2010 (con la burbuja de \u201cfalsos emprendedores\u201d) y otra la realidad. Lo m\u00e1s desafiante para mi fue seguir adelante tras fracasar por seguir las recomendaciones de la \u201cantigua escuela\u201d (\u201cvas a abrir una empresa, debes poder replicar tus servicios de forma r\u00e1pida y rentable\u201d) y seguir adelante por un camino poco conocido como era el de Freelance. Nadie entend\u00eda este enfoque (habitual en el mundo anglosaj\u00f3n) y pr\u00e1cticamente fui a ciegas todo el camino. Cre\u00ed en m\u00ed, en mi enfoque, en el valor de lo que ofrec\u00eda\u2026 Fue lo m\u00e1s dif\u00edcil pero al mismo tiempo, al verlo en perspectiva, lo m\u00e1s gratificante.<\/p><p><strong>A lo largo de tu trayectoria, \u00bfhay alg\u00fan proyecto que recuerdes con especial cari\u00f1o? \u00bfPor qu\u00e9?<\/strong><\/p><p><a href=\"https:\/\/www.kiwaku.com\/\">Kiwaku<\/a> e <a href=\"https:\/\/insurama.es\/\">Insurama<\/a>. El primero me lleg\u00f3 plenamente convencido de todo lo que hab\u00eda que hacer. Fue apasionante. Hicimos toda una estrategia de comunicaci\u00f3n, de contenidos, gesti\u00f3n de crisis\u2026 Disfrut\u00e9 much\u00edsimo porque apenas perd\u00ed energ\u00eda tratando de convencer de las cosas que hab\u00eda que hacer. El segundo fue un cambio total. Se trataba de una startup que en aquel primer momento estaba en expansi\u00f3n hacia M\u00e9xico, Chile, Portugal, Alemania e Italia. Yo gestionaba los contenidos en redes sociales semana a semana. No sab\u00eda que era tan creativa hasta que tuve que parir 90 posts a la semana solo para Facebook e Instagram, m\u00e1s 3 semanales para Linkedin, m\u00e1s otros 3 para otra empresa del grupo (estos en ingl\u00e9s y sobre un tema, Account Based Marketing, que desconoc\u00eda y del que me hice experta en dos semanas\u2026) Todo esto en pandemia y cuando todav\u00eda nadie hablaba de Chat GPT. Fueron algo m\u00e1s de dos a\u00f1os. Despu\u00e9s de aquella experiencia, me atrevo con todo con todo lo que me echen.<\/p><p><strong>\u00bfC\u00f3mo ha evolucionado tu forma de trabajar desde que comenzaste hasta ahora?<\/strong><\/p><p>Herramientas y nuevas plataformas. Las herramientas han ido evolucionando a mejor. Las plataformas que hab\u00edan han ido a peor (no se salva ni una) y las nuevas parece que han aprendido de los errores de las grandes<\/p><p><strong>\u00bfEn qu\u00e9 ha cambiado tu visi\u00f3n del mundo digital?<\/strong><\/p><p>Me he vuelto m\u00e1s pesimista. Las grandes corporaciones solo quieren tus datos y venderlos. Cederle tus datos a terceros te hace vulnerable. La UE da pasos a favor de las personas usuarias pero a\u00fan as\u00ed, se queda a veces un poco corta. Siempre ser\u00e1 mejor que la nula protecci\u00f3n que hay en USA (si la comparamos con la de UE). Al menos las nuevas redes descentralizadas (fediverso) nacen con esa premisa de privacidad desde el inicio.<\/p><p><strong>\u00bfQu\u00e9 papel juega la creatividad en tu d\u00eda a d\u00eda como estratega y mentora digital?<\/strong><\/p><p>Es el 100%. Para poder adaptarte a las situaciones debes saber leerlas y usar tus conocimientos y experiencia para sacar el mejor provecho de ellas. Yo aplico desde mis inicios cosas que ya hac\u00eda cuando trabajaba de cara al p\u00fablico. A veces incluso saco ideas de libros, pel\u00edculas, situaciones personales\u2026<\/p><p><span style=\"background-color: transparent;\"><strong>\u00bfQu\u00e9 te inspira actualmente?<\/strong>\u00a0<\/span><\/p><p><span style=\"background-color: transparent;\">El activismo social. La forma en la que la gente se organiza usando todas las herramientas (onlie y offline) para defender los derechos de las personas, proteger servicios y dem\u00e1s\u00a0<\/span><\/p><p><strong><span style=\"background-color: transparent;\">\u00bfHay algo que te entusiasme especialmente del futuro del marketing digital o de las redes?\u00a0<\/span><\/strong><\/p><p><span style=\"background-color: transparent;\">La situaci\u00f3n actual del marketing digital\u2026 Las IA\u2019s est\u00e1n cambiando no solo la forma en la que subimos contenido a internet sino incluso en c\u00f3mo la buscamos y consumimos. Tambi\u00e9n hay un despertar sobre la privacidad de tus datos y en c\u00f3mo depender de servicios tan can\u00edbales como los de Google (que te tienen todo el d\u00eda dentro de su ecosistema opacando por completo otras opciones igual de buenas o superiores) no es la mejor idea. Como se suele decir, \u201cse vienen cositas\u201d.<\/span><\/p><p><strong>\u00bfQu\u00e9 te llev\u00f3 a unirte a AMPEGA y qu\u00e9 ha significado para ti formar parte de esta asociaci\u00f3n?<\/strong><\/p><p>Principalmente la forma en la que Alba nos present\u00f3 AMPEGA. Tiene en cuenta una visi\u00f3n de activismo social, un compartir conocimiento para que otras mujeres puedan crecer (ya sea con su empresa o como profesionales asalariadas), un tejer redes efectivas que ayuden a salir adelante\u2026 Era lo que hab\u00eda estado esperando todos estos a\u00f1os.<\/p><p><strong>\u00bfQu\u00e9 tipo de colaboraciones o conexiones est\u00e1s buscando actualmente?<\/strong><\/p><p>Sobre todo gente que no sepa por d\u00f3nde o qu\u00e9 empezar a publicar, personas que les de verg\u00fcenza ponerse delante de una c\u00e1mara o les de apuro publicar su d\u00eda a d\u00eda. Tengo una soluci\u00f3n para cada una de esas personas.<\/p><p><strong>\u00bfHay alg\u00fan perfil profesional o sector con el que te gustar\u00eda conectar?<\/strong><\/p><p>Hoteler\u00eda en general. \u00a0El tema alojamientos (ya sea camping, caba\u00f1itas, hotel rural, hotel de ciudad, MICE\u2026) me encanta. Soy un friki del tema y me encantar\u00eda poner en marcha un mont\u00f3n de ideas que me rondan la cabeza.<\/p><p><strong>\u00bfQu\u00e9 consejo le dar\u00edas a una mujer que quiere emprender y seguir un camino parecido al tuyo?<\/strong><\/p><p>Buf\u2026 Esta es dif\u00edcil. No me atrevo a dar ninguno. Creer en tu proyecto y seguir adelante aunque todo vaya en contra (que fue lo que me ocurri\u00f3 a mi) es dif\u00edcil y me sali\u00f3 bien. Sin embargo, hay veces que por m\u00e1s que lo intentes no sale porque, sencillamente, tu idea no es viable. Distinguir ese momento en el que debes levantar el pie y cerrar tu proyecto es muy, muy dif\u00edcil. Por eso yo no aconsejar\u00eda cosas del tipo \u201ccree en ti misma\u201d, \u201cdes\u00e9alo muy fuerte y ver\u00e1s que se cumple\u201d o cosas por el estilo. Creo que lo mejor que puedes hacer es rodearte de gente que haya caminado el camino que estas recorriendo. Gente que se haya enfrentado a las mismas situaciones. Tratar de ver patrones que a tu caso personal le encajen y decidir t\u00fa sola en consecuencia en lugar de hacer lo que te recomienden\u2026 Siento que este es el consejo m\u00e1s honesto que puedo dar. Tomar la experiencia de los dem\u00e1s y adaptarla a tu situaci\u00f3n personal.<\/p><p><strong>\u00bfD\u00f3nde podemos encontrarte?\u00a0<\/strong><\/p><p><a href=\"http:\/\/www.mapibaez.com\">www.mapibaez.com<\/a><\/p><p><a href=\"mailto:necesito@mapibaez.com\">necesito@mapibaez.com<\/a><\/p><p><strong>@mapibaez<\/strong> en la mayor\u00eda de las redes sociales.<\/p><p><strong>\u00bfHay alg\u00fan recurso, art\u00edculo, v\u00eddeo o proyecto tuyo que quieras compartir y que te represente especialmente?<\/strong><\/p><p>En mi Linkedin tengo cosas colgadas en la parte de destacados que pueden ser \u00fatiles.<\/p>\t\t\t\t\t\t<\/div>\n\t\t\t\t<\/div>\n\t\t\t\t\t<\/div>\n\t\t\t\t<\/div>\n\t\t\t\t<\/div>","protected":false},"excerpt":{"rendered":"<p>Conoce a Mapi B\u00e1ez Mapi B\u00e1ez es Social Media Strategist, Community Manager y mentora digital. Con un enfoque realista, estrat\u00e9gico y muy humano, ayuda a profesionales y peque\u00f1as empresas a sacarle el m\u00e1ximo partido a sus redes sociales. Dise\u00f1a planes personalizados que combinan creatividad, an\u00e1lisis y sentido com\u00fan, siempre con un objetivo en mente: atraer [&hellip;]<\/p>","protected":false},"author":1,"featured_media":0,"parent":0,"menu_order":0,"comment_status":"closed","ping_status":"closed","template":"","meta":{"footnotes":""},"class_list":["post-1569","page","type-page","status-publish","hentry"],"_links":{"self":[{"href":"https:\/\/ampega.org\/gl\/wp-json\/wp\/v2\/pages\/1569","targetHints":{"allow":["GET"]}}],"collection":[{"href":"https:\/\/ampega.org\/gl\/wp-json\/wp\/v2\/pages"}],"about":[{"href":"https:\/\/ampega.org\/gl\/wp-json\/wp\/v2\/types\/page"}],"author":[{"embeddable":true,"href":"https:\/\/ampega.org\/gl\/wp-json\/wp\/v2\/users\/1"}],"replies":[{"embeddable":true,"href":"https:\/\/ampega.org\/gl\/wp-json\/wp\/v2\/comments?post=1569"}],"version-history":[{"count":11,"href":"https:\/\/ampega.org\/gl\/wp-json\/wp\/v2\/pages\/1569\/revisions"}],"predecessor-version":[{"id":2130,"href":"https:\/\/ampega.org\/gl\/wp-json\/wp\/v2\/pages\/1569\/revisions\/2130"}],"wp:attachment":[{"href":"https:\/\/ampega.org\/gl\/wp-json\/wp\/v2\/media?parent=1569"}],"curies":[{"name":"wp","href":"https:\/\/api.w.org\/{rel}","templated":true}]}}