{"id":1671,"date":"2025-09-02T11:19:28","date_gmt":"2025-09-02T09:19:28","guid":{"rendered":"https:\/\/ampega.org\/?page_id=1671"},"modified":"2026-02-05T11:16:04","modified_gmt":"2026-02-05T10:16:04","slug":"mariola","status":"publish","type":"page","link":"https:\/\/ampega.org\/gl\/mariola\/","title":{"rendered":"Mariola"},"content":{"rendered":"<div data-elementor-type=\"wp-page\" data-elementor-id=\"1671\" class=\"elementor elementor-1671\" data-elementor-post-type=\"page\">\n\t\t\t\t<div class=\"elementor-element elementor-element-bd21fed e-flex e-con-boxed e-con e-parent\" data-id=\"bd21fed\" data-element_type=\"container\">\n\t\t\t\t\t<div class=\"e-con-inner\">\n\t\t\t\t<div class=\"elementor-element elementor-element-041d429 elementor-widget-divider--view-line elementor-widget elementor-widget-divider\" data-id=\"041d429\" data-element_type=\"widget\" data-widget_type=\"divider.default\">\n\t\t\t\t<div class=\"elementor-widget-container\">\n\t\t\t\t\t<div class=\"elementor-divider\">\n\t\t\t<span class=\"elementor-divider-separator\">\n\t\t\t\t\t\t<\/span>\n\t\t<\/div>\n\t\t\t\t<\/div>\n\t\t\t\t<\/div>\n\t\t\t\t<div class=\"elementor-element elementor-element-9ad99fc elementor-widget elementor-widget-heading\" data-id=\"9ad99fc\" data-element_type=\"widget\" data-widget_type=\"heading.default\">\n\t\t\t\t<div class=\"elementor-widget-container\">\n\t\t\t<h2 class=\"elementor-heading-title elementor-size-default\">Conoce a Mariola<\/h2>\t\t<\/div>\n\t\t\t\t<\/div>\n\t\t\t\t<div class=\"elementor-element elementor-element-b6c6112 elementor-widget-divider--view-line elementor-widget elementor-widget-divider\" data-id=\"b6c6112\" data-element_type=\"widget\" data-widget_type=\"divider.default\">\n\t\t\t\t<div class=\"elementor-widget-container\">\n\t\t\t\t\t<div class=\"elementor-divider\">\n\t\t\t<span class=\"elementor-divider-separator\">\n\t\t\t\t\t\t<\/span>\n\t\t<\/div>\n\t\t\t\t<\/div>\n\t\t\t\t<\/div>\n\t\t\t\t<div class=\"elementor-element elementor-element-02d0fe5 elementor-widget elementor-widget-text-editor\" data-id=\"02d0fe5\" data-element_type=\"widget\" data-widget_type=\"text-editor.default\">\n\t\t\t\t<div class=\"elementor-widget-container\">\n\t\t\t\t\t\t\t<p><strong>Mariola Mourelo<\/strong> \u00e9 facilitadora de grupos, consultora en econom\u00eda social e feminista, e cofundadora da cooperativa 50p\u00e9s consultoras. Acompa\u00f1a procesos colectivos cunha mirada cr\u00edtica e transformadora, axudando a organizaci\u00f3ns, equipos e proxectos sociais a medrar de maneira m\u00e1is horizontal, sostible e coherente cos seus valores. Desde Galicia, impulsa unha forma distinta de traballar e colaborar, baseada no coidado, a escoita e a acci\u00f3n colectiva.<\/p>\t\t\t\t\t\t<\/div>\n\t\t\t\t<\/div>\n\t\t\t\t<div class=\"elementor-element elementor-element-89c8f47 elementor-widget elementor-widget-image\" data-id=\"89c8f47\" data-element_type=\"widget\" data-widget_type=\"image.default\">\n\t\t\t\t<div class=\"elementor-widget-container\">\n\t\t\t\t\t\t\t\t\t\t\t\t\t<img fetchpriority=\"high\" decoding=\"async\" width=\"603\" height=\"606\" src=\"https:\/\/ampega.org\/wp-content\/uploads\/2025\/09\/Mariola-1.png\" class=\"attachment-large size-large wp-image-1673\" alt=\"\" srcset=\"https:\/\/ampega.org\/wp-content\/uploads\/2025\/09\/Mariola-1.png 603w, https:\/\/ampega.org\/wp-content\/uploads\/2025\/09\/Mariola-1-300x300.png 300w, https:\/\/ampega.org\/wp-content\/uploads\/2025\/09\/Mariola-1-150x150.png 150w, https:\/\/ampega.org\/wp-content\/uploads\/2025\/09\/Mariola-1-12x12.png 12w, https:\/\/ampega.org\/wp-content\/uploads\/2025\/09\/Mariola-1-600x603.png 600w, https:\/\/ampega.org\/wp-content\/uploads\/2025\/09\/Mariola-1-100x100.png 100w\" sizes=\"(max-width: 603px) 100vw, 603px\" \/>\t\t\t\t\t\t\t\t\t\t\t\t\t<\/div>\n\t\t\t\t<\/div>\n\t\t\t\t<div class=\"elementor-element elementor-element-a632357 elementor-widget elementor-widget-text-editor\" data-id=\"a632357\" data-element_type=\"widget\" data-widget_type=\"text-editor.default\">\n\t\t\t\t<div class=\"elementor-widget-container\">\n\t\t\t\t\t\t\t<p>\u00abAcompa\u00f1o, desde a econom\u00eda social e feminista, a transformaci\u00f3n dos modelos de empresa e organizaci\u00f3n cara a pr\u00e1cticas m\u00e1is xustas, sostibles e colaborativas\u00bb<\/p>\t\t\t\t\t\t<\/div>\n\t\t\t\t<\/div>\n\t\t\t\t<div class=\"elementor-element elementor-element-aa725ab elementor-widget elementor-widget-text-editor\" data-id=\"aa725ab\" data-element_type=\"widget\" data-widget_type=\"text-editor.default\">\n\t\t\t\t<div class=\"elementor-widget-container\">\n\t\t\t\t\t\t\t<p><strong>Mariola cu\u00e9ntanos c\u00f3mo te definir\u00edas en pocas palabras, tanto a nivel profesional como personal<\/strong>.<\/p><p>Son unha persoa curiosa, implicada e entusiasta. Nos procesos da mi\u00f1a clientela m\u00e9tome de cheo, como se foran propios, e g\u00fastame ver como as s\u00faas ideas se materializan en negocios. Como facilitadora disfruto acompa\u00f1ando persoas e organizaci\u00f3ns.<\/p><p>Na vida persoal tam\u00e9n sou curiosa, apaix\u00f3name viaxar, descubrir novos lugares e persoas e aprender doutros xeitos de facer e crear.<\/p>\n<p><strong>\u00bfQu\u00e9 caminos te llevaron a formarte como facilitadora de grupos?<\/strong><\/p><p>O activismo social foi a mi\u00f1a escola inicial: aprend\u00edn a reflexionar de forma cr\u00edtica e crear alternativas colectivas, pero tam\u00e9n vin as dificultades para unha organizaci\u00f3n eficaz, tomar decisi\u00f3ns ou coidarnos como grupo.<\/p><p>A trav\u00e9s do IIFACE (Instituto de Facilitaci\u00f3n e Cambio) co\u00f1ec\u00edn a facilitaci\u00f3n que me deu unha visi\u00f3n m\u00e1is ampla e profunda de como funcionamos en grupo, e ferramentas para mellorar o traballo en equipo, como a cohesi\u00f3n, a gobernanza, creatividade ou a xesti\u00f3n de conflitos. Fasc\u00edname porque combina aprendizaxe persoal, mirada cr\u00edtica e confianza no poder transformador dos grupos.<\/p>\n<p><strong>Actualmente formas parte de 50p\u00e9s consultoras. \u00bfC\u00f3mo naci\u00f3 esta cooperativa y cu\u00e1l fue tu motivaci\u00f3n para impulsarla?<\/strong><\/p><p>A idea foi de Helena, a mi\u00f1a socia, que entendeu r\u00e1pidamente como a facilitaci\u00f3n pod\u00eda aportar claridade e seguranza \u00e1s persoas emprendedoras. Coincidimos en crear un servizo que unise o econ\u00f3mico e o humano, acompa\u00f1ando tanto os n\u00fameros como as emoci\u00f3ns. Mot\u00edvanos apoiar proxectos con valores sociais, sostibles e atentos coas persoas e a contorna, e que estes podan materializarse e facelo dunha forma coidadosa \u00e1 vez que pr\u00e1ctica.<\/p>\n<p><strong>\u00bfQu\u00e9 desaf\u00edos te encontraste al aplicar la perspectiva feminista y horizontal en contextos empresariales o institucionales? \u00bfY qu\u00e9 logros destacar\u00edas en ese recorrido?<\/strong><\/p><p>Cada vez hai m\u00e1is conciencia empresarial sobre igualdade, diversidade e inclusi\u00f3n, pero tam\u00e9n xorden tensi\u00f3ns cando se visibilizan temas agochados durante s\u00e9culos.<\/p><p>O desaf\u00edo \u00e9 aplicar a mi\u00f1a experiencia feminista sen impo\u00f1er, ofrecendo a riqueza que aporta, unha mirada m\u00e1is ampla para mellorar a organizaci\u00f3n e previr conflitos. E seguir aprendendo e incluir outras perspectivas, como a LGBTIQ+, a anti-racista ou anti-capacitista. <br>O maior logro \u00e9 comprobar como esta perspectiva axuda tanto a persoas como a empresas, facendo m\u00e1is visibles as din\u00e1micas de poder coti\u00e1s e aportando soluci\u00f3ns m\u00e1is realistas e xustas.<\/p>\n<p><strong>\u00bfEn qu\u00e9 momento supiste que quer\u00edas trabajar por la transformaci\u00f3n social desde la econom\u00eda social y solidaria?<\/strong><\/p><p>No activismo de base descubr\u00edn con forza a econom\u00eda social e solidaria. Xa co\u00f1ec\u00eda o comercio xusto e o feminismo, pero foi na Galiza, a trav\u00e9s de formaci\u00f3ns, encontros e da participaci\u00f3n como socia na cooperativa de consumo consciente e responsable Zocami\u00f1oca, onde se fixeron m\u00e1is presentes.<\/p><p>Hoxe, desde 50p\u00e9s, formamos parte de REAS (Rede de Economia Alternativa e Solidaria), que ofrece recursos e aprendizaxes moi valiosos, e unha comunidade activa desde a que tam\u00e9n se aborda o emprendemento social com perspectiva de x\u00e9nero, e s\u00f3 hai que ver o n\u00famero de mulleres que formamos parte destes espazos. <br>Creo que transformar a sociedade desde a econom\u00eda social e feminista \u00e9 po\u00f1er as persoas no centro, constru\u00edr coidando a diversidade, a contorna e procurar o ben com\u00fan.<\/p>\n<p><strong>\u00bfQu\u00e9 tipo de servicios ofrece 50p\u00e9s y a qu\u00e9 tipo de proyectos o personas se dirige principalmente?<\/strong><\/p><p>En 50p\u00e9s acompa\u00f1amos a persoas, equipos e empresas en diferentes fases: desde a posta en marcha dun proxecto e a s\u00faa viabilidade, ata a revisi\u00f3n ou redefinici\u00f3n de organizaci\u00f3ns xa consolidadas. Ofrecemos formaci\u00f3n empresarial, de igualdade na empresa e dese\u00f1amos procesos de transformaci\u00f3n organizacional cara modelos m\u00e1is participativos, sostibles e adaptados \u00e1s realidades actuais: co-liderado, diversidade e inclusi\u00f3n, alfabetizaci\u00f3n econ\u00f3mica, e traballo en equipo.<\/p><p>Traballamos de maneira preferente con proxectos de econom\u00eda social e cooperativas, pero tam\u00e9n con empresas convencionais que queren mellorar os seus procesos e avanzar cara formas m\u00e1is xustas, inclusivas e coherentes de organizarse, facendo posible que sexan ao tempo viables e vivibles.<\/p>\n<p><strong>\u00bfQu\u00e9 dir\u00edas que hace especial vuestra forma de acompa\u00f1ar a los grupos o iniciativas?<\/strong><\/p><p>A combinaci\u00f3n das nosas especialidades: Helena achega a traduci\u00f3n econ\u00f3mica, explicando a xesti\u00f3n empresarial de forma clara; eu achego a facilitaci\u00f3n de grupos, po\u00f1endo o foco nas relaci\u00f3ns e emoci\u00f3ns, no que non \u00e9 tan visible pero pode bloquear procesos. Xuntamos raz\u00f3n e emoci\u00f3n para dar un servizo integral.<\/p><p>A perspectiva feminista e social perm\u00edtenos ampliar o ollar e ofrecer opci\u00f3ns m\u00e1is coherentes cos valores da nosa clientela.<\/p>\n<p><strong>\u00bfQu\u00e9 impacto buscas generar con tu trabajo, tanto a nivel individual como colectivo?<\/strong><\/p><p>Procuro que as persoas ga\u00f1en confianza e ferramentas para impulsar os seus proxectos, e que as organizaci\u00f3ns sexan m\u00e1is xustas, horizontais e sostibles. A nivel colectivo, o impacto \u00e9 fortalecer o tecido da econom\u00eda social e feminista, xerando cambios que melloran a vida das persoas e das comunidades.<\/p>\n<p><strong>\u00bfQu\u00e9 referentes femeninos han marcado tu manera de pensar, trabajar o liderar?<\/strong><\/p><p>En primeiro lugar, as mulleres da mi\u00f1a familia, con historias de vida diversas, rurais e migrantes, que me transmitiron resiliencia e capacidade de superaci\u00f3n sen perder a conexi\u00f3n coa nosa orixe.<\/p>\n<p>Tam\u00e9n acad\u00e9micas como Simone de Beauvoir, cuxo libro O Segundo Sexo foi a mi\u00f1a primeira lectura feminista e transformou profundamente a mi\u00f1a maneira de pensar.<\/p>\n<p>E, sobre todo, as feministas de base, aut\u00e9ntico alicerce do meu activismo: o feminismo comunitario e popular de Am\u00e9rica Latina, \u00c1frica e Asia; as compa\u00f1eiras que co\u00f1ec\u00edn na Marcha Mundial das Mulleres; e os feminismos coru\u00f1eses a trav\u00e9s de A\u00e7om Rabuda, os Caf\u00e9s Feministas ou a revista Revirada, que me amosaron como traballar polo ben com\u00fan coas nosas propias mans e posibel, e imprescindibel.<\/p>\n<p><strong>\u00bfQu\u00e9 valores intentas reflejar cada d\u00eda en tu pr\u00e1ctica profesional y en el trabajo dentro de la cooperativa?<\/strong><\/p><p>Compromiso, aprendizaxe continua e alegr\u00eda. Creo que hai que divertirse para que todo isto te\u00f1a sentido.<\/p>\n<p><strong>\u00bfQu\u00e9 te atrajo de AMPEGA y por qu\u00e9 decidiste formar parte de la red?<\/strong><\/p><p>Porque \u00e9 unha rede necesaria: visibiliza a forza das mulleres profesionais e d\u00e1lle poder \u00e1 nosa voz para transformar a sociedade. Soas non podemos, pero xuntas somos imparabeis.<\/p>\n<p><strong>\u00bfQu\u00e9 tipo de conexiones, colaboraciones o sinergias te gustar\u00eda generar dentro de la comunidad?<\/strong><\/p><p>O que m\u00e1is valoro \u00e9 poder crear unha rede de confianza: co\u00f1ecer mulleres diversas e valiosas coas que colaborar, compartir recursos e darnos apoio mutuo. Prefiro constru\u00edr esas sinerx\u00edas dentro da comunidade, en lugar de buscar profesionais desco\u00f1ecidas f\u00f3ra, porque aqu\u00ed atopamos proximidade, coidado e oportunidades reais para facer medrar os nosos proxectos.<\/p>\n<p><strong>\u00bfQu\u00e9 consejo dar\u00edas a una mujer que quiere emprender o generar proyectos con impacto social y desde una mirada feminista?<\/strong><\/p><p>Darse a oportunidade. Sempre haber\u00e1 voces en contra, pero os so\u00f1os son necesarios para transformar a realidade. Non todos sair\u00e1n adiante, pero cada paso conta e axuda a crear algo novo. O importante \u00e9 non facelo soa: compartir medos e alegr\u00edas con iguais fai o cami\u00f1o m\u00e1is posible e m\u00e1is fermoso.<\/p>\n<p><strong>\u00bfD\u00f3nde pueden encontrarte quienes quieran conocer m\u00e1s sobre ti o sobre 50p\u00e9s?<\/strong><\/p><p>En LinkedIn como Mariola Mourelo P\u00e9rez. Na web www.50pesconsultoras.com e nas s\u00faas redes (LinkedIn, Instagram, Facebook, YouTube). Tam\u00e9n en info@50pesconsultoras.com.<\/p>\n<p><strong>\u00bfHay alguna publicaci\u00f3n, proyecto o actividad que te gustar\u00eda destacar y compartir con la comunidad de AMPEGA?<\/strong><\/p><p>Si, a nosa colaboraci\u00f3n coa Escuela Juana Mill\u00e1n, de emprendemento feminista en li\u00f1a, e con Agrelar Consultora, coa que asesoramos proxectos de vivenda colaborativa inclusiva en Galicia. Este un gran tema para estos tempos.<\/p>\t\t\t\t\t\t<\/div>\n\t\t\t\t<\/div>\n\t\t\t\t\t<\/div>\n\t\t\t\t<\/div>\n\t\t\t\t<\/div>","protected":false},"excerpt":{"rendered":"<p>Conoce a Mariola Mariola Mourelo \u00e9 facilitadora de grupos, consultora en econom\u00eda social e feminista, e cofundadora da cooperativa 50p\u00e9s consultoras. Acompa\u00f1a procesos colectivos cunha mirada cr\u00edtica e transformadora, axudando a organizaci\u00f3ns, equipos e proxectos sociais a medrar de maneira m\u00e1is horizontal, sostible e coherente cos seus valores. Desde Galicia, impulsa unha forma distinta de [&hellip;]<\/p>","protected":false},"author":1,"featured_media":0,"parent":0,"menu_order":0,"comment_status":"closed","ping_status":"closed","template":"","meta":{"footnotes":""},"class_list":["post-1671","page","type-page","status-publish","hentry"],"_links":{"self":[{"href":"https:\/\/ampega.org\/gl\/wp-json\/wp\/v2\/pages\/1671","targetHints":{"allow":["GET"]}}],"collection":[{"href":"https:\/\/ampega.org\/gl\/wp-json\/wp\/v2\/pages"}],"about":[{"href":"https:\/\/ampega.org\/gl\/wp-json\/wp\/v2\/types\/page"}],"author":[{"embeddable":true,"href":"https:\/\/ampega.org\/gl\/wp-json\/wp\/v2\/users\/1"}],"replies":[{"embeddable":true,"href":"https:\/\/ampega.org\/gl\/wp-json\/wp\/v2\/comments?post=1671"}],"version-history":[{"count":13,"href":"https:\/\/ampega.org\/gl\/wp-json\/wp\/v2\/pages\/1671\/revisions"}],"predecessor-version":[{"id":2136,"href":"https:\/\/ampega.org\/gl\/wp-json\/wp\/v2\/pages\/1671\/revisions\/2136"}],"wp:attachment":[{"href":"https:\/\/ampega.org\/gl\/wp-json\/wp\/v2\/media?parent=1671"}],"curies":[{"name":"wp","href":"https:\/\/api.w.org\/{rel}","templated":true}]}}