{"id":2080,"date":"2026-01-30T11:56:32","date_gmt":"2026-01-30T10:56:32","guid":{"rendered":"https:\/\/ampega.org\/?page_id=2080"},"modified":"2026-02-05T11:47:20","modified_gmt":"2026-02-05T10:47:20","slug":"nuria-castro","status":"publish","type":"page","link":"https:\/\/ampega.org\/gl\/nuria-castro\/","title":{"rendered":"Nuria Castro"},"content":{"rendered":"<div data-elementor-type=\"wp-page\" data-elementor-id=\"2080\" class=\"elementor elementor-2080\" data-elementor-post-type=\"page\">\n\t\t\t\t<div class=\"elementor-element elementor-element-bd21fed e-flex e-con-boxed e-con e-parent\" data-id=\"bd21fed\" data-element_type=\"container\">\n\t\t\t\t\t<div class=\"e-con-inner\">\n\t\t\t\t<div class=\"elementor-element elementor-element-041d429 elementor-widget-divider--view-line elementor-widget elementor-widget-divider\" data-id=\"041d429\" data-element_type=\"widget\" data-widget_type=\"divider.default\">\n\t\t\t\t<div class=\"elementor-widget-container\">\n\t\t\t\t\t<div class=\"elementor-divider\">\n\t\t\t<span class=\"elementor-divider-separator\">\n\t\t\t\t\t\t<\/span>\n\t\t<\/div>\n\t\t\t\t<\/div>\n\t\t\t\t<\/div>\n\t\t\t\t<div class=\"elementor-element elementor-element-9ad99fc elementor-widget elementor-widget-heading\" data-id=\"9ad99fc\" data-element_type=\"widget\" data-widget_type=\"heading.default\">\n\t\t\t\t<div class=\"elementor-widget-container\">\n\t\t\t<h2 class=\"elementor-heading-title elementor-size-default\">Conoce a Nuria Castro<\/h2>\t\t<\/div>\n\t\t\t\t<\/div>\n\t\t\t\t<div class=\"elementor-element elementor-element-b6c6112 elementor-widget-divider--view-line elementor-widget elementor-widget-divider\" data-id=\"b6c6112\" data-element_type=\"widget\" data-widget_type=\"divider.default\">\n\t\t\t\t<div class=\"elementor-widget-container\">\n\t\t\t\t\t<div class=\"elementor-divider\">\n\t\t\t<span class=\"elementor-divider-separator\">\n\t\t\t\t\t\t<\/span>\n\t\t<\/div>\n\t\t\t\t<\/div>\n\t\t\t\t<\/div>\n\t\t\t\t<div class=\"elementor-element elementor-element-02d0fe5 elementor-widget elementor-widget-text-editor\" data-id=\"02d0fe5\" data-element_type=\"widget\" data-widget_type=\"text-editor.default\">\n\t\t\t\t<div class=\"elementor-widget-container\">\n\t\t\t\t\t\t\t<p><strong>Nuria Castro Gay<\/strong> es cofundadora y directora de gesti\u00f3n de <strong>Globalingua Translation,<\/strong> una empresa gallega con oficinas en A Coru\u00f1a y Vigo que ayuda a sus clientes a comunicar con claridad y seguridad en mercados internacionales. Con una larga trayectoria como traductora y gestora de proyectos, <strong>lidera un equipo que combina tecnolog\u00eda e innovaci\u00f3n<\/strong> con un enfoque humano y cercano, apostando por la calidad, la profesionalidad y el trato personalizado. Bajo su direcci\u00f3n,<strong> Globalingua<\/strong> se ha consolidado como <strong>un referente en el sector,<\/strong> acompa\u00f1ando a las empresas en su expansi\u00f3n internacional y promoviendo una gesti\u00f3n \u00e9tica y sostenible del trabajo ling\u00fc\u00edstico. Adem\u00e1s, Nuria participa activamente en asociaciones profesionales como ELIA, donde impulsa iniciativas para el desarrollo estrat\u00e9gico y la adaptaci\u00f3n del sector a los nuevos retos tecnol\u00f3gicos.<\/p>\t\t\t\t\t\t<\/div>\n\t\t\t\t<\/div>\n\t\t\t\t<div class=\"elementor-element elementor-element-89c8f47 elementor-widget elementor-widget-image\" data-id=\"89c8f47\" data-element_type=\"widget\" data-widget_type=\"image.default\">\n\t\t\t\t<div class=\"elementor-widget-container\">\n\t\t\t\t\t\t\t\t\t\t\t\t\t<img fetchpriority=\"high\" decoding=\"async\" width=\"800\" height=\"533\" src=\"https:\/\/ampega.org\/wp-content\/uploads\/2026\/01\/WhatsApp-Image-2026-01-20-at-09.58.52-1024x682.jpeg\" class=\"attachment-large size-large wp-image-2081\" alt=\"\" srcset=\"https:\/\/ampega.org\/wp-content\/uploads\/2026\/01\/WhatsApp-Image-2026-01-20-at-09.58.52-1024x682.jpeg 1024w, https:\/\/ampega.org\/wp-content\/uploads\/2026\/01\/WhatsApp-Image-2026-01-20-at-09.58.52-300x200.jpeg 300w, https:\/\/ampega.org\/wp-content\/uploads\/2026\/01\/WhatsApp-Image-2026-01-20-at-09.58.52-768x512.jpeg 768w, https:\/\/ampega.org\/wp-content\/uploads\/2026\/01\/WhatsApp-Image-2026-01-20-at-09.58.52-1536x1023.jpeg 1536w, https:\/\/ampega.org\/wp-content\/uploads\/2026\/01\/WhatsApp-Image-2026-01-20-at-09.58.52-18x12.jpeg 18w, https:\/\/ampega.org\/wp-content\/uploads\/2026\/01\/WhatsApp-Image-2026-01-20-at-09.58.52-600x400.jpeg 600w, https:\/\/ampega.org\/wp-content\/uploads\/2026\/01\/WhatsApp-Image-2026-01-20-at-09.58.52.jpeg 1600w\" sizes=\"(max-width: 800px) 100vw, 800px\" \/>\t\t\t\t\t\t\t\t\t\t\t\t\t<\/div>\n\t\t\t\t<\/div>\n\t\t\t\t<div class=\"elementor-element elementor-element-a632357 elementor-widget elementor-widget-text-editor\" data-id=\"a632357\" data-element_type=\"widget\" data-widget_type=\"text-editor.default\">\n\t\t\t\t<div class=\"elementor-widget-container\">\n\t\t\t\t\t\t\t<p>\u00abSoy Nuria Castro, fundadora de Globalingua Translation, y ayudo a las empresas gallegas a aumentar sus ventas y su alcance digital mediante soluciones ling\u00fc\u00edsticas e IA\u00bb<\/p>\t\t\t\t\t\t<\/div>\n\t\t\t\t<\/div>\n\t\t\t\t<div class=\"elementor-element elementor-element-aa725ab elementor-widget elementor-widget-text-editor\" data-id=\"aa725ab\" data-element_type=\"widget\" data-widget_type=\"text-editor.default\">\n\t\t\t\t<div class=\"elementor-widget-container\">\n\t\t\t\t\t\t\t<p><strong>Para quienes a\u00fan no te conocen, \u00bfc\u00f3mo te presentar\u00edas en pocas palabras?<\/strong><\/p><p>Soy cofundadora y directora comercial de Globalingua, donde dise\u00f1o soluciones de comunicaci\u00f3n innovadoras que ayudan a las empresas a crecer. Mi trayectoria combina idiomas y estrategia empresarial, con especial hincapi\u00e9 en el desarrollo de negocio, el crecimiento internacional y la innovaci\u00f3n. Creo en el poder de la comunicaci\u00f3n como motor de crecimiento y conexi\u00f3n entre culturas.<\/p>\n<p><strong>Cu\u00e9ntanos un poco sobre tu trayectoria: \u00bfqu\u00e9 estudiaste y en qu\u00e9 pensabas dedicarte en un principio?<\/strong><\/p><p>Estudi\u00e9 Traducci\u00f3n e Interpretaci\u00f3n en Vigo y posteriormente curs\u00e9 un M\u00e1ster en Estudios Europeos en Bruselas, ciudad en la que ya hab\u00eda vivido durante mi Erasmus. En un principio me ve\u00eda trabajando como traductora, especialmente en el \u00e1mbito institucional, y nunca imagin\u00e9 que acabar\u00eda emprendiendo con mi propia empresa. Tambi\u00e9n me atra\u00eda mucho la ense\u00f1anza, una vocaci\u00f3n que sigue ah\u00ed y que no descarto retomar en el futuro. Con el tiempo, mi camino profesional fue evolucionando hacia la estrategia, el desarrollo de negocio y la comunicaci\u00f3n, dando forma a lo que hoy es Globalingua.<\/p>\n<p><strong>Nos has contado que antes de emprender en Galicia estuviste trabajando fuera. \u00bfC\u00f3mo fue esa experiencia y de qu\u00e9 manera crees que ha influido en la profesional que eres hoy?<\/strong><\/p><p>Antes de emprender en Galicia estuve trabajando en Lisboa, donde coincid\u00ed con Nahir, mi socia en Globalingua. Fue una etapa clave para m\u00ed, ya que me permiti\u00f3 conocer desde dentro el funcionamiento de una multinacional de servicios ling\u00fc\u00edsticos: sus procesos, su estructura y su manera de relacionarse con clientes internacionales. Esa experiencia nos ayud\u00f3 a identificar qu\u00e9 quer\u00edamos hacer de otra forma. Nahir y yo ten\u00edamos claro que quer\u00edamos apostar por un trato m\u00e1s cercano, flexible y humano, y por acompa\u00f1ar especialmente a las empresas gallegas en sus procesos de internacionalizaci\u00f3n. Sin ese bagaje previo, probablemente la creaci\u00f3n de Globalingua habr\u00eda sido mucho m\u00e1s compleja.<\/p>\n<p><strong>Cuentas con una amplia trayectoria en el \u00e1mbito de la traducci\u00f3n y la gesti\u00f3n de proyectos. \u00bfCu\u00e1l dir\u00edas que ha sido la experiencia o formaci\u00f3n m\u00e1s determinante en tu carrera?<\/strong><\/p><p>Una de las experiencias m\u00e1s determinantes en mi carrera han sido los proyectos de transcreaci\u00f3n y traducci\u00f3n creativa de material publicitario para marcas internacionales muy reconocidas. Como profesional, me resulta apasionante encontrar la manera de trasladar un mensaje a mi lengua materna de forma que genere el mismo impacto que el texto original en su cultura de origen. La traducci\u00f3n del humor, de las expresiones coloquiales o de las referencias culturales sigue siendo un trabajo profundamente humano y estrat\u00e9gico, y es clave para el \u00e9xito y la aceptaci\u00f3n de un producto en nuevos mercados. Esta experiencia ha marcado mi forma de entender la comunicaci\u00f3n y el valor que aportamos hoy en d\u00eda.<\/p>\n<p><strong>\u00bfQu\u00e9 te motiv\u00f3 a dar el paso hacia el emprendimiento y apostar por un proyecto propio en un sector tan competitivo y en constante transformaci\u00f3n?<\/strong><\/p><p>Lo que nos motiv\u00f3 a emprender fue, ante todo, el deseo de volver a Galicia, instalarnos en nuestra tierra y trabajar con empresas gallegas que quieren crecer y salir al exterior. Ese prop\u00f3sito fue el motor del proyecto desde el inicio y sigue siendo hoy uno de nuestros principales pilares. En un sector tan competitivo y en constante transformaci\u00f3n, apostamos por un modelo basado en la cercan\u00eda, los valores compartidos y el acompa\u00f1amiento real a nuestros clientes. Nos gusta sentir que formamos parte de la comunidad y que nuestro trabajo tiene una repercusi\u00f3n tangible en otras personas y empresas.<\/p>\n<p><strong>A lo largo de estos a\u00f1os, \u00bfcu\u00e1l ha sido el mayor reto que has afrontado como emprendedora y cu\u00e1l consideras que ha sido tu mayor logro?<\/strong><\/p><p>Creo que uno de los mayores retos de emprender son los inicios. En nuestro caso, especialmente al principio, aunque tambi\u00e9n en otros momentos a lo largo de los a\u00f1os, tuvimos que dedicar much\u00edsimas horas al proyecto y sacrificar tiempo personal, ocio y descanso. No s\u00e9 si hab\u00eda otra forma de hacerlo, pero ese esfuerzo sostenido durante meses fue clave para consolidar Globalingua, y creo que es un desaf\u00edo con el que muchas emprendedoras se sentir\u00e1n identificadas.<\/p>\n<p>En cuanto a los logros, uno de los trabajos de los que me siento m\u00e1s orgullosa es nuestra colaboraci\u00f3n con organismos internacionales. Son proyectos con evaluaciones de calidad muy exigentes, y obtener calificaciones altas por un trabajo en el que ponemos tanto cuidado y dedicaci\u00f3n resulta especialmente satisfactorio en la era de la inteligencia artificial, cuando a veces se tiende a pensar que una buena traducci\u00f3n se consigue con un solo clic.<\/p>\n<p><strong>Para quienes no conocen Globalingua, \u00bfpodr\u00edas contarnos en qu\u00e9 consiste y qu\u00e9 tipo de servicios ofrece?<\/strong><\/p><p>Globalingua acompa\u00f1a a sus clientes en todas las necesidades de comunicaci\u00f3n con la ayuda de las tecnolog\u00edas m\u00e1s avanzadas disponibles. Nuestro trabajo diario incluye desde traducciones juradas (obligatorias para realizar ciertos tr\u00e1mites ante la administraci\u00f3n) y adaptaciones de materiales publicitarios a otros idiomas y culturas hasta traducciones econ\u00f3micas, subtitulado para personas sordas de famosos programas de televisi\u00f3n, interpretaciones en todo tipo de eventos y conferencias y traducci\u00f3n de p\u00e1ginas web.<\/p>\n<p><strong>\u00bfQu\u00e9 crees que diferencia a Globalingua de otras empresas de traducci\u00f3n? \u00bfQu\u00e9 hace especial vuestra forma de trabajar?<\/strong><\/p><p>Para nosotros, lo que diferencia a Globalingua de otras empresas del sector es nuestra capacidad de respuesta y adaptaci\u00f3n. En cierto modo nos consideramos \u201csolucionadores de problemas\u201d, es decir, no abogamos por enfoques r\u00edgidos e inamovibles, sino que analizamos las necesidades del cliente y nos adaptamos a ellas, incluso cuando los proyectos ya est\u00e1n en marcha. Nuestro fin \u00faltimo siempre es ofrecer al cliente un producto impecable y adaptado a la cultura de destino de la forma m\u00e1s eficiente posible, ajust\u00e1ndonos a sus plazos y presupuestos.<\/p>\n<p><strong>\u00bfC\u00f3mo pueden otras mujeres profesionales, emprendedoras o empresas beneficiarse de los servicios o la filosof\u00eda de Globalingua?<\/strong><\/p><p>Globalingua puede ayudar a las emprendedoras a trasladar su proyecto, su marca o sus servicios a otros mercados internacionales de manera profesional y eficaz. De esta forma, sus empresas podr\u00e1n crecer, internacionalizarse y ganar visibilidad sin que el idioma y la cultura supongan una barrera. Por otra parte, al margen de las ventajas puramente ling\u00fc\u00edsticas, nuestro trabajo diario gira siempre en torno a la cercan\u00eda, la flexibilidad y la colaboraci\u00f3n, y apostamos por establecer relaciones duraderas, honestas y de confianza con nuestras clientas que resulten mutuamente beneficiosas.<\/p>\n<p><strong>A lo largo de tu recorrido, \u00bfqu\u00e9 mujeres te han inspirado o te inspiran actualmente en tu vida y en tu trabajo?<\/strong><\/p><p>Mi principal referente ha sido siempre mi madre, de quien aprend\u00ed el valor del esfuerzo, la constancia y el trabajo bien hecho. En el \u00e1mbito profesional, mi socia Nahir es otra gran fuente de motivaci\u00f3n: su optimismo y su energ\u00eda son fundamentales, especialmente en los momentos en los que las fuerzas flaquean. Por \u00faltimo, quiero destacar a mi compa\u00f1era Paula, con la que comparto el d\u00eda a d\u00eda desde hace ya diez a\u00f1os. Admiro profundamente su capacidad para dar siempre lo mejor de s\u00ed, con una sonrisa y una palabra amable, tanto en los d\u00edas buenos como en los m\u00e1s dif\u00edciles.<\/p>\n<p><strong>\u00bfQu\u00e9 valores personales procuras reflejar cada d\u00eda en tu labor al frente de Globalingua y en el trato con tu equipo y tus clientes?<\/strong><\/p><p>Se podr\u00eda decir que mis pilares fundamentales son la honestidad, la responsabilidad y el compromiso con la calidad. Creo firmemente que la confianza es la base de cualquier relaci\u00f3n profesional s\u00f3lida, confianza que cuidamos con esmero prestando siempre un servicio profesional y puntual acorde a las expectativas y necesidades del cliente. Tambi\u00e9n doy mucha importancia a la empat\u00eda, tratando de entender las particularidades de cada proyecto y de cada persona implicada. Por \u00faltimo, intento reflejar valores como el aprendizaje continuo y la adaptaci\u00f3n al cambio, esenciales en un sector tan din\u00e1mico como el de los servicios ling\u00fc\u00edsticos.<\/p>\n<p><strong>\u00bfQu\u00e9 te motiv\u00f3 a formar parte de AMPEGA y qu\u00e9 esperas aportar o recibir de esta red?<\/strong><\/p><p>Decid\u00ed unirme a AMPEGA principalmente por la posibilidad de conectar y establecer sinergias reales con otras profesionales y empresas que comparten valores similares de calidad, colaboraci\u00f3n y crecimiento sostenible. Como fundadora de una empresa de servicios ling\u00fc\u00edsticos, creo firmemente en la importancia de las redes que fomentan el intercambio de conocimiento, la visibilidad del talento y el apoyo mutuo entre las empresarias gallegas. Espero aportar mi experiencia en el sector de la traducci\u00f3n y los servicios ling\u00fc\u00edsticos, especialmente en la gesti\u00f3n de proyectos, la colaboraci\u00f3n con profesionales internacionales y la adaptaci\u00f3n a un mercado cada vez m\u00e1s tecnol\u00f3gico y global. Por otro lado, espero recibir inspiraci\u00f3n, aprendizaje continuo y oportunidades de colaboraci\u00f3n que me permitan seguir creciendo tanto a nivel empresarial como personal, adem\u00e1s de formar parte de una comunidad comprometida con el desarrollo econ\u00f3mico y profesional de las mujeres en Galicia.<\/p>\n<p><strong>Desde tu experiencia, \u00bfqu\u00e9 tipo de colaboraciones o sinergias te gustar\u00eda fomentar con otras mujeres o empresas gallegas?<\/strong><\/p><p>Me gustar\u00eda promover colaboraciones basadas en la confianza, la complementariedad y el apoyo mutuo entre mujeres profesionales y empresas gallegas. Me interesan especialmente las sinergias que permitan compartir conocimientos, generar proyectos conjuntos y crear redes de colaboraci\u00f3n estables que aporten valor real a todas las partes. Como empresa de servicios ling\u00fc\u00edsticos, veo muchas oportunidades de colaboraci\u00f3n con empresas de distintos sectores que est\u00e9n en procesos de crecimiento, internacionalizaci\u00f3n o mejora de su comunicaci\u00f3n, as\u00ed como con otras profesionales que ofrezcan servicios complementarios. Tambi\u00e9n considero muy enriquecedor el intercambio de experiencias entre emprendedoras, tanto a nivel estrat\u00e9gico como humano. En definitiva, me gustar\u00eda impulsar colaboraciones que ayuden a visibilizar el talento femenino en Galicia, fortalecer el tejido empresarial local y crear oportunidades de crecimiento conjunto desde una perspectiva sostenible y a largo plazo.<\/p>\n<p><strong>\u00bfQu\u00e9 consejo le dar\u00edas a una mujer que quiere emprender en el sector ling\u00fc\u00edstico o iniciar su propio proyecto?<\/strong><\/p><p>En este momento, el mejor consejo que puedo dar es que se construya una red de apoyo profesional s\u00f3lida, especialmente a trav\u00e9s de asociaciones y programas de mentor\u00eda. El acompa\u00f1amiento de otras personas emprendedoras puede marcar una gran diferencia, tanto a nivel profesional como personal. Yo lo descubr\u00ed relativamente tarde, pero he comprobado de primera mano el enorme valor de compartir experiencias, recibir orientaci\u00f3n y sentirse acompa\u00f1ada. Por eso no puedo dejar de recomendarlo a quienes est\u00e1n empezando a emprender y tambi\u00e9n a quienes ya llevan tiempo recorriendo este camino.<\/p>\n<p><strong>\u00bfD\u00f3nde pueden encontrarte o saber m\u00e1s sobre tu trabajo y el de Globalingua? (web, redes, correo&#8230;)<\/strong><\/p><p>Nos encontramos divididos en dos oficinas: una en Vigo, donde se encuentra mi socia Nahir, y otra en A Coru\u00f1a, donde estoy yo al frente. Es posible obtener m\u00e1s informaci\u00f3n o contactar con nosotros a trav\u00e9s de nuestro sitio web o de nuestro correo electr\u00f3nico, proyecto@globalingua.eu. Por \u00faltimo, tambi\u00e9n estamos presentes en Instagram, @globalinguatranslation, y por supuesto en LinkedIn.<\/p>\n<p><strong>\u00bfHay alg\u00fan proyecto, art\u00edculo o entrevista que te gustar\u00eda compartir y que refleje bien la esencia de tu trabajo?<\/strong><\/p><p>Me gustar\u00eda compartir uno de los proyectos que mejor refleja la esencia de nuestro trabajo en Globalingua: un evento propio que ya hemos celebrado en dos ocasiones y que est\u00e1 dedicado a la comunicaci\u00f3n internacional estrat\u00e9gica, el marketing y la inteligencia artificial. Tenemos la suerte de contar con la colaboraci\u00f3n de expertos muy reconocidos en sus respectivos \u00e1mbitos y el feedback que estamos recibiendo est\u00e1 siendo muy positivo. Para nosotras es una experiencia especialmente satisfactoria, ya que nos permite estar en contacto directo con la comunidad empresarial y compartir conocimientos pr\u00e1cticos y valiosos para el d\u00eda a d\u00eda de cualquier empresa.<\/p>\t\t\t\t\t\t<\/div>\n\t\t\t\t<\/div>\n\t\t\t\t\t<\/div>\n\t\t\t\t<\/div>\n\t\t\t\t<\/div>","protected":false},"excerpt":{"rendered":"<p>Conoce a Nuria Castro Nuria Castro Gay es cofundadora y directora de gesti\u00f3n de Globalingua Translation, una empresa gallega con oficinas en A Coru\u00f1a y Vigo que ayuda a sus clientes a comunicar con claridad y seguridad en mercados internacionales. Con una larga trayectoria como traductora y gestora de proyectos, lidera un equipo que combina [&hellip;]<\/p>","protected":false},"author":1,"featured_media":0,"parent":0,"menu_order":0,"comment_status":"closed","ping_status":"closed","template":"","meta":{"footnotes":""},"class_list":["post-2080","page","type-page","status-publish","hentry"],"_links":{"self":[{"href":"https:\/\/ampega.org\/gl\/wp-json\/wp\/v2\/pages\/2080","targetHints":{"allow":["GET"]}}],"collection":[{"href":"https:\/\/ampega.org\/gl\/wp-json\/wp\/v2\/pages"}],"about":[{"href":"https:\/\/ampega.org\/gl\/wp-json\/wp\/v2\/types\/page"}],"author":[{"embeddable":true,"href":"https:\/\/ampega.org\/gl\/wp-json\/wp\/v2\/users\/1"}],"replies":[{"embeddable":true,"href":"https:\/\/ampega.org\/gl\/wp-json\/wp\/v2\/comments?post=2080"}],"version-history":[{"count":12,"href":"https:\/\/ampega.org\/gl\/wp-json\/wp\/v2\/pages\/2080\/revisions"}],"predecessor-version":[{"id":2142,"href":"https:\/\/ampega.org\/gl\/wp-json\/wp\/v2\/pages\/2080\/revisions\/2142"}],"wp:attachment":[{"href":"https:\/\/ampega.org\/gl\/wp-json\/wp\/v2\/media?parent=2080"}],"curies":[{"name":"wp","href":"https:\/\/api.w.org\/{rel}","templated":true}]}}