{"id":2299,"date":"2026-04-07T12:10:50","date_gmt":"2026-04-07T10:10:50","guid":{"rendered":"https:\/\/ampega.org\/?page_id=2299"},"modified":"2026-04-07T12:58:41","modified_gmt":"2026-04-07T10:58:41","slug":"ana-serantes","status":"publish","type":"page","link":"https:\/\/ampega.org\/gl\/ana-serantes\/","title":{"rendered":"Ana Serantes"},"content":{"rendered":"<div data-elementor-type=\"wp-page\" data-elementor-id=\"2299\" class=\"elementor elementor-2299\" data-elementor-post-type=\"page\">\n\t\t\t\t<div class=\"elementor-element elementor-element-bd21fed e-flex e-con-boxed e-con e-parent\" data-id=\"bd21fed\" data-element_type=\"container\">\n\t\t\t\t\t<div class=\"e-con-inner\">\n\t\t\t\t<div class=\"elementor-element elementor-element-041d429 elementor-widget-divider--view-line elementor-widget elementor-widget-divider\" data-id=\"041d429\" data-element_type=\"widget\" data-widget_type=\"divider.default\">\n\t\t\t\t<div class=\"elementor-widget-container\">\n\t\t\t\t\t<div class=\"elementor-divider\">\n\t\t\t<span class=\"elementor-divider-separator\">\n\t\t\t\t\t\t<\/span>\n\t\t<\/div>\n\t\t\t\t<\/div>\n\t\t\t\t<\/div>\n\t\t\t\t<div class=\"elementor-element elementor-element-9ad99fc elementor-widget elementor-widget-heading\" data-id=\"9ad99fc\" data-element_type=\"widget\" data-widget_type=\"heading.default\">\n\t\t\t\t<div class=\"elementor-widget-container\">\n\t\t\t<h2 class=\"elementor-heading-title elementor-size-default\">Conoce a Ana Serantes<\/h2>\t\t<\/div>\n\t\t\t\t<\/div>\n\t\t\t\t<div class=\"elementor-element elementor-element-b6c6112 elementor-widget-divider--view-line elementor-widget elementor-widget-divider\" data-id=\"b6c6112\" data-element_type=\"widget\" data-widget_type=\"divider.default\">\n\t\t\t\t<div class=\"elementor-widget-container\">\n\t\t\t\t\t<div class=\"elementor-divider\">\n\t\t\t<span class=\"elementor-divider-separator\">\n\t\t\t\t\t\t<\/span>\n\t\t<\/div>\n\t\t\t\t<\/div>\n\t\t\t\t<\/div>\n\t\t\t\t<div class=\"elementor-element elementor-element-02d0fe5 elementor-widget elementor-widget-text-editor\" data-id=\"02d0fe5\" data-element_type=\"widget\" data-widget_type=\"text-editor.default\">\n\t\t\t\t<div class=\"elementor-widget-container\">\n\t\t\t\t\t\t\t<p><strong><em>Ana Serantes<\/em><\/strong><em>, titulada en danza, psicomotricidad socioeducativa y estimulaci\u00f3n multisensorial, es bailarina profesional y docente. Formada en el Conservatorio Profesional de Danza de A Coru\u00f1a y en el ISDAA en la Universidad Rey Juan Carlos I, desarroll\u00f3 parte de su carrera en compa\u00f1\u00edas internacionales como el Ballet Nacional Dominicano y el Ballet Concierto de Puerto Rico. Tras una lesi\u00f3n que la apart\u00f3 de los escenarios, orient\u00f3 su trayectoria hacia la docencia y el trabajo con familias. Actualmente <strong>dirige La Tribu,<\/strong> un proyecto que ofrece un espacio seguro para madres, padres y cuidadores, promoviendo el v\u00ednculo, el apego seguro y el bienestar a trav\u00e9s del movimiento, con actividades como \u201cBaila con tu beb\u00e9\u201d y Barremom<strong>.<\/strong><\/em><\/p>\t\t\t\t\t\t<\/div>\n\t\t\t\t<\/div>\n\t\t\t\t<div class=\"elementor-element elementor-element-89c8f47 elementor-widget elementor-widget-image\" data-id=\"89c8f47\" data-element_type=\"widget\" data-widget_type=\"image.default\">\n\t\t\t\t<div class=\"elementor-widget-container\">\n\t\t\t\t\t\t\t\t\t\t\t\t\t<img fetchpriority=\"high\" decoding=\"async\" width=\"683\" height=\"1024\" src=\"https:\/\/ampega.org\/wp-content\/uploads\/2026\/04\/F6A0843-Mejorado-NR-1-683x1024.jpeg\" class=\"attachment-large size-large wp-image-2301\" alt=\"\" srcset=\"https:\/\/ampega.org\/wp-content\/uploads\/2026\/04\/F6A0843-Mejorado-NR-1-683x1024.jpeg 683w, https:\/\/ampega.org\/wp-content\/uploads\/2026\/04\/F6A0843-Mejorado-NR-1-200x300.jpeg 200w, https:\/\/ampega.org\/wp-content\/uploads\/2026\/04\/F6A0843-Mejorado-NR-1-768x1152.jpeg 768w, https:\/\/ampega.org\/wp-content\/uploads\/2026\/04\/F6A0843-Mejorado-NR-1-1024x1536.jpeg 1024w, https:\/\/ampega.org\/wp-content\/uploads\/2026\/04\/F6A0843-Mejorado-NR-1-1365x2048.jpeg 1365w, https:\/\/ampega.org\/wp-content\/uploads\/2026\/04\/F6A0843-Mejorado-NR-1-8x12.jpeg 8w, https:\/\/ampega.org\/wp-content\/uploads\/2026\/04\/F6A0843-Mejorado-NR-1-600x900.jpeg 600w, https:\/\/ampega.org\/wp-content\/uploads\/2026\/04\/F6A0843-Mejorado-NR-1-scaled.jpeg 1707w\" sizes=\"(max-width: 683px) 100vw, 683px\" \/>\t\t\t\t\t\t\t\t\t\t\t\t\t<\/div>\n\t\t\t\t<\/div>\n\t\t\t\t<div class=\"elementor-element elementor-element-a632357 elementor-widget elementor-widget-text-editor\" data-id=\"a632357\" data-element_type=\"widget\" data-widget_type=\"text-editor.default\">\n\t\t\t\t<div class=\"elementor-widget-container\">\n\t\t\t\t\t\t\t<p>\u00abBailar en todas y con todas las etapas de mi vida\u00bb<\/p>\t\t\t\t\t\t<\/div>\n\t\t\t\t<\/div>\n\t\t\t\t<div class=\"elementor-element elementor-element-aa725ab elementor-widget elementor-widget-text-editor\" data-id=\"aa725ab\" data-element_type=\"widget\" data-widget_type=\"text-editor.default\">\n\t\t\t\t<div class=\"elementor-widget-container\">\n\t\t\t\t\t\t\t<p><strong>Para quienes a\u00fan no han tenido la oportunidad de conocerte \u00bfc\u00f3mo te describir\u00edas en lo personal como en lo profesional?<\/strong><\/p><p>Creo que mi yo personal y profesional es bastante parecido, por eso en ocasiones siento que no soy buena empresaria\u2026 Me gusta y valoro la justicia en todos los contextos posibles, soy extremadamente emp\u00e1tica, podr\u00eda decir que es mi mayor virtud y defecto.<\/p><p><strong>A lo largo de tu vida personal y profesional, \u00bfqu\u00e9 personas o referentes han influido en tu manera de ver y entender el mundo?<\/strong><\/p><p>He tenido miles de referentes a lo largo de mi vida y carrera. Me gusta aprender y hacer sinergias con todo el mundo, me considero en aprendizaje constante. Pero podr\u00eda decir que mi abuelo me marc\u00f3 mucho en su forma de liderar; siempre con objetivos claros, cuidando de todas las personas que rodeaban y acompa\u00f1aban su emprendimiento y entendiendo cu\u00e1l era su lugar, esto \u00faltimo a\u00fan debo trabajarlo.<\/p><p><strong>Has formado parte de compa\u00f1\u00edas como el Ballet Nacional Dominicano y el Ballet Concierto de Puerto Rico. \u00bfQu\u00e9 aprendizajes te dej\u00f3 esa etapa sobre el cuerpo, la disciplina y el trabajo art\u00edstico?<\/strong><\/p><p>Vivir de la danza, y en especial del ballet, fue un camino duro. Yo no nac\u00ed con cuerpo \u201cnormativo\u201d de bailarina, tuve que trabajar desde muy peque\u00f1a mis capacidades f\u00edsicas para lograr el nivel profesional, eso me dio disciplina y persistencia. Muy joven tuve que irme de casa para poder terminar mi estudios de danza, gan\u00e9 independencia y resiliencia. Y por \u00faltimo, la carrera profesional de danza, es compararte constantemente y recibir noes y cr\u00edticas sin parar, pero hace que sin duda valores mucho m\u00e1s cada logro. Vivir de lo que me hac\u00eda feliz, cosa que por suerte sigo haciendo, es algo impagable.<\/p><p><strong>Existen muchas propuestas dirigidas a las familias, pero \u00bfqu\u00e9 dir\u00edas que hace especial la mirada y el acompa\u00f1amiento que ofrec\u00e9is desde La Tribu?<\/strong><\/p><p>Creo que cada espacio dirigido a madres, familias y ni\u00f1os, es \u00fanico y necesario, ojal\u00e1 hubiera m\u00e1s. Creo que lo que diferencia cada lugar es quien est\u00e1 detr\u00e1s, ya que su mirada y discurso ser\u00e1n diferentes y llegar\u00e1 a quien lo necesite. LaTribu nace para ser un espacio seguro, de conciliaci\u00f3n, de sost\u00e9n, donde la danza y el autocuidado marcan el ritmo.<\/p><p><strong>Desde que comenzaste este proyecto, \u00bfcu\u00e1l ha sido el mayor desaf\u00edo al que te has enfrentado? <\/strong><\/p><p>Yo misma soy el mayor desaf\u00edo, mi parte humana, y m\u00e1s a\u00fan en un proyecto con mam\u00e1s, en contextos vulnerables, me resulta dif\u00edcil, muy a menudo, tomar decisiones funcionales y pr\u00e1cticas cuando hay emociones de por medio.<\/p><p><strong>\u00bfY un momento que te haya confirmado que este es tu camino?<\/strong><\/p><p>Ha habido muchos, dir\u00eda que casi a diario es una confirmaci\u00f3n. Pero sobre todo cuando ves a mam\u00e1s unidas, ayud\u00e1ndose, sosteni\u00e9ndose gracias a LaTribu.<\/p><p><strong>\u00bfQu\u00e9 valores atraviesan todas las propuestas de La Tribu, independientemente del formato?<\/strong><\/p><p>El valor m\u00e1s importante es no juzgar, ser espacio seguro donde vivir tu maternidad casi a diario juzgada. La sororidad y el apoyo entre mujeres es el motor.<\/p><p><strong>Talleres como <em>Baile con tu beb\u00e9<\/em> o <em>Barremom <\/em>parten del movimiento como v\u00ednculo. \u00bfQu\u00e9 buscas generar en madres, padres y beb\u00e9s a trav\u00e9s de estas experiencias compartidas?<\/strong><\/p><p>La Danza es emoci\u00f3n y sensaci\u00f3n de bienestar, son conexiones neuronales. Entre mam\u00e1s, consigo mismas y con sus beb\u00e9s o peques. Tener un espacio de juego libre integrado en el aula facilita que los peques acompa\u00f1en, que las mam\u00e1s disfruten y se cuiden, sin sacrificar tiempo de calidad juntos. Somos un espejo donde se reflejan nuestros hijos e hijas, si nos ven felices, cuid\u00e1ndonos, comparti\u00e9ndo y disfrutando, buscar\u00e1n lo mismo.<\/p><p><strong>\u00bfHacia donde te gustar\u00eda que evolucionase tu proyecto en los pr\u00f3ximos a\u00f1os?<\/strong><\/p><p>LaTribu es proyecto de casi 3 a\u00f1os que tiene una visi\u00f3n muy ambiciosa, pero como buena supersticiosa me la guardo para mi, pero sin duda su evoluci\u00f3n ser\u00e1 cada vez llegar a m\u00e1s mam\u00e1s que nos necesiten y ser su tribu y casa, en todas las etapas.<\/p><p><strong>\u00bfTe gustar\u00eda colaborar con una persona concreta?<\/strong><\/p><p>LaTribu me ha dado y me regala d\u00eda a d\u00eda, una red de profesionales incre\u00edbles que suman y se vinculan al proyecto. As\u00ed que no, con nadie en concreto y con todas quienes suman, sostienen y aportan.<\/p><p><strong>\u00bfD\u00f3nde podemos encontrarte y conocer m\u00e1s sobre tu trabajo y las actividades de La Tribu?<\/strong><\/p><p>\u00a0<a href=\"http:\/\/www-latribucorunha.com\">www.latribucorunha.com<\/a> @latribucorunha<\/p><p><strong>\u00bfQu\u00e9 te motiv\u00f3 a unirte a AMPEGA y qu\u00e9 importancia tiene para ti formar parte de una red de mujeres profesionales y emprendedoras?<\/strong><\/p><p>Creo que de la misma manera que he creado un espacio para crear tribu entre mam\u00e1s en esta etapa de la maternidad, necesitaba un espacio donde coincidir con otras mujeres emprendedoras en mi mismo momento vital. Que pudieran sostenerme, acompa\u00f1arme y aconsejarme.<\/p><p><strong>\u00bfHay alg\u00fan taller recurso o experiencia de La Tribu que te gustar\u00eda destacar especialmente y compartir con la comunidad de AMPEGA?<\/strong><\/p><p>Asistir a talleres, leer y escuchar a otras mujeres con proyectos similares o no al tuyo, es puro aprendizaje.<\/p><p><strong>Para terminar, \u00bfqu\u00e9 mensaje le dar\u00edas a una mujer que, tras un cambio vital o profesional, est\u00e1 buscando reinventarse y crear un proyecto con sentido?<\/strong><\/p><p>Que lo intente, s\u00f3lo sabemos si algo funciona cuando lo intentamos, para crecer y evolucionar hay que moverse, si estamos quietas solo viviremos de im\u00e1genes creadas por nuestra cabeza de lo que podr\u00eda haber sido. Los cambios siempre son positivos y si adem\u00e1s encuentras tu foco, seguro que saldr\u00e1 bien.<\/p><p><strong>\u00a0<\/strong><\/p>\t\t\t\t\t\t<\/div>\n\t\t\t\t<\/div>\n\t\t\t\t\t<\/div>\n\t\t\t\t<\/div>\n\t\t\t\t<\/div>","protected":false},"excerpt":{"rendered":"<p>Conoce a Ana Serantes Ana Serantes, titulada en danza, psicomotricidad socioeducativa y estimulaci\u00f3n multisensorial, es bailarina profesional y docente. Formada en el Conservatorio Profesional de Danza de A Coru\u00f1a y en el ISDAA en la Universidad Rey Juan Carlos I, desarroll\u00f3 parte de su carrera en compa\u00f1\u00edas internacionales como el Ballet Nacional Dominicano y el [&hellip;]<\/p>","protected":false},"author":1,"featured_media":0,"parent":0,"menu_order":0,"comment_status":"closed","ping_status":"closed","template":"","meta":{"footnotes":""},"class_list":["post-2299","page","type-page","status-publish","hentry"],"_links":{"self":[{"href":"https:\/\/ampega.org\/gl\/wp-json\/wp\/v2\/pages\/2299","targetHints":{"allow":["GET"]}}],"collection":[{"href":"https:\/\/ampega.org\/gl\/wp-json\/wp\/v2\/pages"}],"about":[{"href":"https:\/\/ampega.org\/gl\/wp-json\/wp\/v2\/types\/page"}],"author":[{"embeddable":true,"href":"https:\/\/ampega.org\/gl\/wp-json\/wp\/v2\/users\/1"}],"replies":[{"embeddable":true,"href":"https:\/\/ampega.org\/gl\/wp-json\/wp\/v2\/comments?post=2299"}],"version-history":[{"count":7,"href":"https:\/\/ampega.org\/gl\/wp-json\/wp\/v2\/pages\/2299\/revisions"}],"predecessor-version":[{"id":2313,"href":"https:\/\/ampega.org\/gl\/wp-json\/wp\/v2\/pages\/2299\/revisions\/2313"}],"wp:attachment":[{"href":"https:\/\/ampega.org\/gl\/wp-json\/wp\/v2\/media?parent=2299"}],"curies":[{"name":"wp","href":"https:\/\/api.w.org\/{rel}","templated":true}]}}