{"id":2318,"date":"2026-04-09T12:07:45","date_gmt":"2026-04-09T10:07:45","guid":{"rendered":"https:\/\/ampega.org\/?page_id=2318"},"modified":"2026-04-09T12:15:12","modified_gmt":"2026-04-09T10:15:12","slug":"bibiana-infante","status":"publish","type":"page","link":"https:\/\/ampega.org\/gl\/bibiana-infante\/","title":{"rendered":"Bibiana Infante"},"content":{"rendered":"<div data-elementor-type=\"wp-page\" data-elementor-id=\"2318\" class=\"elementor elementor-2318\" data-elementor-post-type=\"page\">\n\t\t\t\t<div class=\"elementor-element elementor-element-bd21fed e-flex e-con-boxed e-con e-parent\" data-id=\"bd21fed\" data-element_type=\"container\">\n\t\t\t\t\t<div class=\"e-con-inner\">\n\t\t\t\t<div class=\"elementor-element elementor-element-041d429 elementor-widget-divider--view-line elementor-widget elementor-widget-divider\" data-id=\"041d429\" data-element_type=\"widget\" data-widget_type=\"divider.default\">\n\t\t\t\t<div class=\"elementor-widget-container\">\n\t\t\t\t\t<div class=\"elementor-divider\">\n\t\t\t<span class=\"elementor-divider-separator\">\n\t\t\t\t\t\t<\/span>\n\t\t<\/div>\n\t\t\t\t<\/div>\n\t\t\t\t<\/div>\n\t\t\t\t<div class=\"elementor-element elementor-element-9ad99fc elementor-widget elementor-widget-heading\" data-id=\"9ad99fc\" data-element_type=\"widget\" data-widget_type=\"heading.default\">\n\t\t\t\t<div class=\"elementor-widget-container\">\n\t\t\t<h2 class=\"elementor-heading-title elementor-size-default\">Conoce a Bibiana Infante<\/h2>\t\t<\/div>\n\t\t\t\t<\/div>\n\t\t\t\t<div class=\"elementor-element elementor-element-b6c6112 elementor-widget-divider--view-line elementor-widget elementor-widget-divider\" data-id=\"b6c6112\" data-element_type=\"widget\" data-widget_type=\"divider.default\">\n\t\t\t\t<div class=\"elementor-widget-container\">\n\t\t\t\t\t<div class=\"elementor-divider\">\n\t\t\t<span class=\"elementor-divider-separator\">\n\t\t\t\t\t\t<\/span>\n\t\t<\/div>\n\t\t\t\t<\/div>\n\t\t\t\t<\/div>\n\t\t\t\t<div class=\"elementor-element elementor-element-02d0fe5 elementor-widget elementor-widget-text-editor\" data-id=\"02d0fe5\" data-element_type=\"widget\" data-widget_type=\"text-editor.default\">\n\t\t\t\t<div class=\"elementor-widget-container\">\n\t\t\t\t\t\t\t<p><em><strong>Bibiana Infante<\/strong> es psic\u00f3loga cl\u00ednica, terapeuta adleriana y <strong>entrenadora l\u00edder de Disciplina Positiva,<\/strong> especializada en acompa\u00f1ar a familias, profesionales y educadores a construir relaciones m\u00e1s respetuosas, firmes y conscientes. Su misi\u00f3n es ayudar a integrar una forma de educar y liderar basada en el respeto, fomentando la responsabilidad, la autonom\u00eda y la cooperaci\u00f3n. <br \/>Como<strong> fundadora y directora del Centro Integral Disciplina Positiva,<\/strong> ha creado un espacio de crecimiento personal donde combina terapia, formaci\u00f3n y acompa\u00f1amiento pr\u00e1ctico para aplicar la Disciplina Positiva en los distintos \u00e1mbitos de la vida: familia, pareja y trabajo. Su enfoque une el rigor cl\u00ednico con herramientas claras y aplicables al d\u00eda a d\u00eda.<\/em><\/p><p><em>Bibiana <strong>forma y certifica a profesionales a nivel nacional e internacional,<\/strong> impulsando la expansi\u00f3n de esta metodolog\u00eda como entrenadora l\u00edder de entrenadores en Espa\u00f1a. Adem\u00e1s, es <strong>autora del libro Navega hacia tu bienestar<\/strong> y colaboradora en medios de comunicaci\u00f3n, donde divulga sobre psicolog\u00eda y educaci\u00f3n con una mirada cercana, humana y comprometida.<\/em><\/p>\t\t\t\t\t\t<\/div>\n\t\t\t\t<\/div>\n\t\t\t\t<div class=\"elementor-element elementor-element-89c8f47 elementor-widget elementor-widget-image\" data-id=\"89c8f47\" data-element_type=\"widget\" data-widget_type=\"image.default\">\n\t\t\t\t<div class=\"elementor-widget-container\">\n\t\t\t\t\t\t\t\t\t\t\t\t\t<img fetchpriority=\"high\" decoding=\"async\" width=\"683\" height=\"1024\" src=\"https:\/\/ampega.org\/wp-content\/uploads\/2026\/04\/Imagen1-683x1024.jpg\" class=\"attachment-large size-large wp-image-2320\" alt=\"\" srcset=\"https:\/\/ampega.org\/wp-content\/uploads\/2026\/04\/Imagen1-683x1024.jpg 683w, https:\/\/ampega.org\/wp-content\/uploads\/2026\/04\/Imagen1-200x300.jpg 200w, https:\/\/ampega.org\/wp-content\/uploads\/2026\/04\/Imagen1-768x1152.jpg 768w, https:\/\/ampega.org\/wp-content\/uploads\/2026\/04\/Imagen1-1024x1536.jpg 1024w, https:\/\/ampega.org\/wp-content\/uploads\/2026\/04\/Imagen1-8x12.jpg 8w, https:\/\/ampega.org\/wp-content\/uploads\/2026\/04\/Imagen1-600x900.jpg 600w, https:\/\/ampega.org\/wp-content\/uploads\/2026\/04\/Imagen1.jpg 1299w\" sizes=\"(max-width: 683px) 100vw, 683px\" \/>\t\t\t\t\t\t\t\t\t\t\t\t\t<\/div>\n\t\t\t\t<\/div>\n\t\t\t\t<div class=\"elementor-element elementor-element-a632357 elementor-widget elementor-widget-text-editor\" data-id=\"a632357\" data-element_type=\"widget\" data-widget_type=\"text-editor.default\">\n\t\t\t\t<div class=\"elementor-widget-container\">\n\t\t\t\t\t\t\t<p>\u00abSoy Bibiana Infante, psic\u00f3loga y entrenadora en disciplina positiva. Trabajo con familias y profesionales que quieren dejar atr\u00e1s modelos autoritarios o permisivos y aprender a educar con l\u00edmites claros y conexi\u00f3n emocional, logrando cambios reales en el bienestar de los ni\u00f1os y de los adultos\u00bb<\/p>\t\t\t\t\t\t<\/div>\n\t\t\t\t<\/div>\n\t\t\t\t<div class=\"elementor-element elementor-element-aa725ab elementor-widget elementor-widget-text-editor\" data-id=\"aa725ab\" data-element_type=\"widget\" data-widget_type=\"text-editor.default\">\n\t\t\t\t<div class=\"elementor-widget-container\">\n\t\t\t\t\t\t\t<p><strong>Para quienes a\u00fan no han tenido la oportunidad de conocerte \u00bfc\u00f3mo te describir\u00edas en lo personal como en lo profesional?<\/strong><br \/>Soy una persona bastante observadora, inquieta y muy orientada a entender lo que hay debajo de lo que se ve. Soy una apasionada de la psicolog\u00eda y siempre veo la vida desde muchos puntos de vista. Adem\u00e1s, soy madre de dos adolescentes que son y siguen siendo el motor de mi vida. <br \/>En lo profesional, soy psic\u00f3loga y entrenadora en Disciplina Positiva, pero sobre todo soy alguien que traduce la psicolog\u00eda a la vida real. No me interesa la teor\u00eda si no transforma.<\/p><p><strong>\u00bfEn qu\u00e9 momento sentiste que la forma tradicional de educar ya no encajaba contigo?<\/strong><br \/>En consulta. Durante a\u00f1os vi adultos con mucho sufrimiento emocional que no aparec\u00eda de la nada. Ah\u00ed entend\u00ed que la forma en que interpretamos los acontecimientos, empezaban en la infancia y determinan como nos enfrentamos a los problemas de la vida. Y para poder evitar que la gente llegue tan \u201clastimada\u201d a la edad adulta es necesario educar con estilos educativos que no sean ni muy permisivos ni muy autoritarios, ya que son modelos educativos muy desconectados.<br \/>Y cuando fui madre, lo confirm\u00e9: sab\u00eda lo que no quer\u00eda hacer, pero nadie me hab\u00eda ense\u00f1ado c\u00f3mo hacerlo diferente sin caer en el caos.<\/p><p><strong>Desde tu Centro Integral Disciplina Positiva, acompa\u00f1as a familias, profesionales y centros educativos. \u00bfQu\u00e9 necesidades comunes detectas en todos ellos?<\/strong><br \/>Hay un patr\u00f3n claro: falta esa mirada \u201cempat\u00eda\u201d hacia los dem\u00e1s, faltan herramientas pr\u00e1cticas y hay un exceso de culpa y exigencia a la vez.<br \/>Quieren hacerlo mejor, pero no saben c\u00f3mo sostener l\u00edmites sin gritar, ni conectar sin perder autoridad. Y eso genera frustraci\u00f3n constante. Se buscan resultados inmediatos, y educar es un proceso que se cu\u00e9celes a \u201cfuego lento\u201d.<\/p><p><strong>\u00bfQu\u00e9 suele cambiar primero en una familia cuando empieza a aplicar disciplina positiva?<\/strong><br \/>El adulto.<br \/>Aunque vengan por el comportamiento del ni\u00f1o, el primer cambio real es en la mirada del adulto. Cuando dejan de tomarse el comportamiento del ni\u00f1o o de la ni\u00f1a \u201ca t\u00edtulo personal\u201d y empiezan a entender lo que hay detr\u00e1s, cambia la forma de reaccionar\u2026 y eso lo cambia todo.<\/p><p><strong>\u00bfCu\u00e1l es el error m\u00e1s com\u00fan que ves en madres, padres o educadores cuando intentan educar \u201cmejor\u201d?<\/strong><br \/>Intentar hacerlo perfecto y r\u00e1pido.<br \/>Quieren dejar de gritar de un d\u00eda para otro, aplicar t\u00e9cnicas como recetas, y cuando no funciona, sienten que est\u00e1 fallando el modelo y vuelven a lo que conocen a los modelos tradicionales. Educar mejor no es hacerlo perfecto, es cuesti\u00f3n de saber reparar, enfocarse en soluciones y hacerlo m\u00e1s consciente y sostenido en el tiempo.<\/p><p><strong>\u00bfQu\u00e9 papel juegan las emociones del adulto en la educaci\u00f3n de los ni\u00f1os?<\/strong><br \/>Un papel central.<br \/>Un adulto desbordado no puede educar con claridad. No es falta de amor, es falta de regulaci\u00f3n y falta de conocimiento. <br \/>Los ni\u00f1os necesitan padres y madres que desarrollen en ellos sentimientos de pertenencia y significancia, es decir, que sientan tenidos en cuenta y capaces.<\/p><p><strong>\u00bfQu\u00e9 te gustar\u00eda que m\u00e1s familias entendieran sobre el comportamiento infantil?<\/strong><br \/>Que el comportamiento no es el problema, es el s\u00edntoma.<br \/>Detr\u00e1s de una rabieta, un desaf\u00edo o una \u201cmala conducta\u201d siempre hay una necesidad no cubierta o una habilidad no desarrollada. Y que para poder educar bien, hay que estar bien. Es muy importante crear contextos con respeto mutuo: respetar al menor, a la situaci\u00f3n y al adulto al mismo tiempo.<\/p><p><strong>\u00bfC\u00f3mo influye tu mirada terap\u00e9utica en la forma en que acompa\u00f1as a las familias?<\/strong><br \/>Mucho. Como profesional con 25 a\u00f1os de experiencia, puedo discriminar cuando hay un problema severo, o cuando es un problema derivado de un entorno familiar con padres\/madres desbordados, confusos y dando palos de ciego. Y con un poco de orientaci\u00f3n consiguen sentirse seguros y c\u00f3modos y con un faro claro que les gu\u00eda en los retos educativos.<br \/>No trabajo solo en lo que hacen, sino en desde d\u00f3nde lo hacen. Hay historias personales, creencias, heridas\u2026 que influyen directamente en c\u00f3mo educamos. Trabajamos siempre de forma vivencial y pr\u00e1ctica para que se lleven el aprendizaje \u201cmetidito en la piel\u201d y as\u00ed les resulta mucho m\u00e1s f\u00e1cil ser constantes y estar seguros en lo que han de hacer.<\/p><p><strong>\u00bfQu\u00e9 tipo de transformaci\u00f3n te emociona m\u00e1s ver en las personas con las que trabajas?<\/strong><br \/>Cuando dejan de pelearse consigo mismas, cuando dejan de tomarse las cosas a t\u00edtulo personal\u2026 <br \/>Cuando una madre o un padre pasa de la culpa constante a sentirse capaz, tranquilo y coherente. Ese cambio interno impacta m\u00e1s que cualquier t\u00e9cnica. Busco con mis formaciones, que las familias y educadores tengan tan claro qu\u00e9 hay que hacer y c\u00f3mo en cualquier situaci\u00f3n, que en poco tiempo dejan de necesitar mi acompa\u00f1amiento. Para mi esa es la mejor prueba: sea el que sea el reto con el que se encuentren durante toda la labor educativa de los ni\u00f1o\/as y adolescentes, ya saben c\u00f3mo proceder sin dudas, sin caos y con coherencia para prepararlos para la vida con las habilidades socio emocionales necesarias<\/p><p><strong>\u00bfQu\u00e9 significa para ti educar desde con disciplina positiva en el d\u00eda a d\u00eda, m\u00e1s all\u00e1 de la teor\u00eda?<\/strong><br \/>Significa ser amable y firme al mismo tiempo<br \/>Significa crear contextos de respeto mutuo.<br \/>Significa parar antes de reaccionar. Significa centrarse en soluciones y no en culpadles<br \/>Significa entender qu\u00e9 est\u00e1 pasando en tu hijo\u2026 y en ti.<br \/>Y actuar desde ah\u00ed, no desde el piloto autom\u00e1tico.<\/p><p><strong>Si alguien siente que \u201clo est\u00e1 haciendo mal\u201d como madre, padre o educador, \u00bfqu\u00e9 le dir\u00edas hoy?<\/strong><br \/>Que probablemente no lo est\u00e1 haciendo mal, pero s\u00ed est\u00e1 cansado y sin herramientas. <br \/>La culpa no educa. La informaci\u00f3n y el acompa\u00f1amiento, s\u00ed. Que no es cuesti\u00f3n de ser perfectos, es cuesti\u00f3n de saber repararlo con las herramientas y la mirada adecuadas.<\/p><p><strong>Si alguien est\u00e1 leyendo esto y siente que quiere un cambio en su familia o en su forma de educar, \u00bfqu\u00e9 le dir\u00edas?<\/strong><br \/>Si ya es consciente que quiere hacerlo diferente, ya tiene ganado el 50% del camino, que ahora solo queda contar con el \u201cfaro\u201d que te gu\u00ede en la dura y dif\u00edcil tarea educativa en estos tiempos. <br \/>Que acuda a un profesional certificado en disciplina positiva que le va a dar la mirada, la posici\u00f3n y las herramientas pedag\u00f3gicas que le van a hacer que se guste como padre\/madre o educador.<br \/>No necesitas hacerlo todo diferente ma\u00f1ana, pero s\u00ed empezar a mirar distinto hoy. Ah\u00ed empieza el cambio real.<\/p><p><strong>\u00bfC\u00f3mo naci\u00f3 la idea de cofundar la Asociaci\u00f3n Disciplina Positiva Espa\u00f1a y qu\u00e9 vac\u00edo sent\u00edas que era necesario cubrir en ese momento?<\/strong><br \/>Naci\u00f3 de una necesidad clara: profesionalizar y dar rigor a la Disciplina Positiva en Espa\u00f1a.<br \/>Hab\u00eda inter\u00e9s, pero faltaba estructura, formaci\u00f3n de calidad y una red s\u00f3lida de profesionales que trabajaran desde la misma base.<\/p><p><strong>Sabemos que has escrito un libro, \u201cNavega hacia tu bienestar\u201d, si tuvieras que resumir el mensaje principal del libro en una idea, \u00bfcu\u00e1l ser\u00eda?<\/strong><br \/>Este libro quiere poner el foco en que la disciplina positiva y sus bases no son solo un estilo educativo, sino tambi\u00e9n un estilo relacional y que se puede integrar en todos los aspectos de nuestra vida: en lo familiar, lo social, la pareja y lo laboral. <br \/>En el libro se descubre c\u00f3mo cultivar una perspectiva que fomente la empat\u00eda, la comprensi\u00f3n y la conexi\u00f3n genuina con quienes te rodean.<\/p><p><strong>A lo largo de tu vida personal y profesional, \u00bfqu\u00e9 personas o referentes han influido en tu manera de ver y entender el mundo?<\/strong><br \/>Referentes de la psicolog\u00eda como Alfred Adler o Jane Nelsen han sido clave a nivel te\u00f3rico.<br \/>Pero tambi\u00e9n muchas personas an\u00f3nimas: pacientes, familias y mis propios hijos, que han sido mis grandes maestros.<\/p><p><strong>\u00bfD\u00f3nde podemos encontrarte? (web, redes, email\u2026)<\/strong><br \/>Principalmente en Instagram <a href=\"https:\/\/www.instagram.com\/disciplinapositivacentro\/\"><strong>@disciplinapositivacentro<\/strong><\/a> y en mi web <strong><a href=\"https:\/\/centrodisciplinapositiva.com\/\">www.centrodisciplinapositiva.com<\/a><\/strong>, donde comparto contenido pr\u00e1ctico y recursos para familias y profesionales interesados en educar desde otro lugar.<\/p><p><strong>\u00bfQu\u00e9 te motiv\u00f3 a unirte a AMPEGA y qu\u00e9 importancia tiene para ti formar parte de una red de mujeres profesionales y emprendedoras?<\/strong><br \/>Porque creo en el valor de lo colectivo.<br \/>Emprender puede ser solitario, y formar parte de una red de mujeres que comparten visi\u00f3n, retos y crecimiento aporta no solo oportunidades, sino tambi\u00e9n sost\u00e9n.<\/p><p><strong>\u00bfHay alg\u00fan taller, recurso o experiencia del Centro Disciplina Positiva que te gustar\u00eda destacar especialmente y compartir con la comunidad de AMPEGA?<\/strong><br \/>S\u00ed, los talleres vivenciales sobre Disciplina Positiva, tanto si te interesa como madre o si quieres integrarlo en tu pr\u00e1ctica profesional con la Certificaci\u00f3n oficial. <br \/>Porque no solo aprenden herramientas, sino que experimentan lo que luego van a aplicar. Y ah\u00ed es donde realmente ocurre el cambio.<\/p>\t\t\t\t\t\t<\/div>\n\t\t\t\t<\/div>\n\t\t\t\t\t<\/div>\n\t\t\t\t<\/div>\n\t\t\t\t<\/div>","protected":false},"excerpt":{"rendered":"<p>Conoce a Bibiana Infante Bibiana Infante es psic\u00f3loga cl\u00ednica, terapeuta adleriana y entrenadora l\u00edder de Disciplina Positiva, especializada en acompa\u00f1ar a familias, profesionales y educadores a construir relaciones m\u00e1s respetuosas, firmes y conscientes. Su misi\u00f3n es ayudar a integrar una forma de educar y liderar basada en el respeto, fomentando la responsabilidad, la autonom\u00eda y [&hellip;]<\/p>","protected":false},"author":1,"featured_media":0,"parent":0,"menu_order":0,"comment_status":"closed","ping_status":"closed","template":"","meta":{"footnotes":""},"class_list":["post-2318","page","type-page","status-publish","hentry"],"_links":{"self":[{"href":"https:\/\/ampega.org\/gl\/wp-json\/wp\/v2\/pages\/2318","targetHints":{"allow":["GET"]}}],"collection":[{"href":"https:\/\/ampega.org\/gl\/wp-json\/wp\/v2\/pages"}],"about":[{"href":"https:\/\/ampega.org\/gl\/wp-json\/wp\/v2\/types\/page"}],"author":[{"embeddable":true,"href":"https:\/\/ampega.org\/gl\/wp-json\/wp\/v2\/users\/1"}],"replies":[{"embeddable":true,"href":"https:\/\/ampega.org\/gl\/wp-json\/wp\/v2\/comments?post=2318"}],"version-history":[{"count":4,"href":"https:\/\/ampega.org\/gl\/wp-json\/wp\/v2\/pages\/2318\/revisions"}],"predecessor-version":[{"id":2323,"href":"https:\/\/ampega.org\/gl\/wp-json\/wp\/v2\/pages\/2318\/revisions\/2323"}],"wp:attachment":[{"href":"https:\/\/ampega.org\/gl\/wp-json\/wp\/v2\/media?parent=2318"}],"curies":[{"name":"wp","href":"https:\/\/api.w.org\/{rel}","templated":true}]}}